{"id":14066,"date":"2023-06-30T11:22:12","date_gmt":"2023-06-30T09:22:12","guid":{"rendered":"https:\/\/novessendes.org\/?page_id=14066"},"modified":"2023-12-19T15:55:35","modified_gmt":"2023-12-19T13:55:35","slug":"participacion-ciudadana","status":"publish","type":"page","link":"https:\/\/novessendes.org\/es\/participacion-ciudadana\/","title":{"rendered":"Participaci\u00f3n ciudadana"},"content":{"rendered":"\t\t<div data-elementor-type=\"wp-page\" data-elementor-id=\"14066\" class=\"elementor elementor-14066 elementor-11052\">\n\t\t\t\t\t\t\t\t\t<section class=\"elementor-section elementor-top-section elementor-element elementor-element-17e72285 elementor-section-boxed elementor-section-height-default elementor-section-height-default\" data-id=\"17e72285\" data-element_type=\"section\">\n\t\t\t\t\t\t<div class=\"elementor-container elementor-column-gap-default\">\n\t\t\t\t\t<div class=\"elementor-column elementor-col-100 elementor-top-column elementor-element elementor-element-480b11e9\" data-id=\"480b11e9\" data-element_type=\"column\">\n\t\t\t<div class=\"elementor-widget-wrap elementor-element-populated\">\n\t\t\t\t\t\t\t\t<div class=\"elementor-element elementor-element-fc23d8c elementor-widget elementor-widget-spacer\" data-id=\"fc23d8c\" data-element_type=\"widget\" data-widget_type=\"spacer.default\">\n\t\t\t\t<div class=\"elementor-widget-container\">\n\t\t\t<style>\/*! elementor - v3.14.0 - 26-06-2023 *\/\n.elementor-column .elementor-spacer-inner{height:var(--spacer-size)}.e-con{--container-widget-width:100%}.e-con-inner>.elementor-widget-spacer,.e-con>.elementor-widget-spacer{width:var(--container-widget-width,var(--spacer-size));--align-self:var(--container-widget-align-self,initial);--flex-shrink:0}.e-con-inner>.elementor-widget-spacer>.elementor-widget-container,.e-con-inner>.elementor-widget-spacer>.elementor-widget-container>.elementor-spacer,.e-con>.elementor-widget-spacer>.elementor-widget-container,.e-con>.elementor-widget-spacer>.elementor-widget-container>.elementor-spacer{height:100%}.e-con-inner>.elementor-widget-spacer>.elementor-widget-container>.elementor-spacer>.elementor-spacer-inner,.e-con>.elementor-widget-spacer>.elementor-widget-container>.elementor-spacer>.elementor-spacer-inner{height:var(--container-widget-height,var(--spacer-size))}<\/style>\t\t<div class=\"elementor-spacer\">\n\t\t\t<div class=\"elementor-spacer-inner\"><\/div>\n\t\t<\/div>\n\t\t\t\t<\/div>\n\t\t\t\t<\/div>\n\t\t\t\t\t<\/div>\n\t\t<\/div>\n\t\t\t\t\t\t\t<\/div>\n\t\t<\/section>\n\t\t\t\t<section class=\"elementor-section elementor-top-section elementor-element elementor-element-b54f82f elementor-section-full_width elementor-section-height-default elementor-section-height-default\" data-id=\"b54f82f\" data-element_type=\"section\">\n\t\t\t\t\t\t<div class=\"elementor-container elementor-column-gap-default\">\n\t\t\t\t\t<div class=\"elementor-column elementor-col-100 elementor-top-column elementor-element elementor-element-7b04540\" data-id=\"7b04540\" data-element_type=\"column\">\n\t\t\t<div class=\"elementor-widget-wrap elementor-element-populated\">\n\t\t\t\t\t\t\t\t<div class=\"elementor-element elementor-element-05007d7 elementor-widget elementor-widget-image\" data-id=\"05007d7\" data-element_type=\"widget\" data-widget_type=\"image.default\">\n\t\t\t\t<div class=\"elementor-widget-container\">\n\t\t\t<style>\/*! elementor - v3.14.0 - 26-06-2023 *\/\n.elementor-widget-image{text-align:center}.elementor-widget-image a{display:inline-block}.elementor-widget-image a img[src$=\".svg\"]{width:48px}.elementor-widget-image img{vertical-align:middle;display:inline-block}<\/style>\t\t\t\t\t\t\t\t\t\t\t\t<img loading=\"lazy\" decoding=\"async\" width=\"2200\" height=\"681\" src=\"https:\/\/novessendes.org\/wp-content\/uploads\/2023\/06\/Banner_BAC.jpg\" class=\"attachment-full size-full wp-image-8742\" alt=\"\" srcset=\"https:\/\/novessendes.org\/wp-content\/uploads\/2023\/06\/Banner_BAC.jpg 2200w, https:\/\/novessendes.org\/wp-content\/uploads\/2023\/06\/Banner_BAC-300x93.jpg 300w, https:\/\/novessendes.org\/wp-content\/uploads\/2023\/06\/Banner_BAC-1024x317.jpg 1024w, https:\/\/novessendes.org\/wp-content\/uploads\/2023\/06\/Banner_BAC-768x238.jpg 768w, https:\/\/novessendes.org\/wp-content\/uploads\/2023\/06\/Banner_BAC-1536x475.jpg 1536w, https:\/\/novessendes.org\/wp-content\/uploads\/2023\/06\/Banner_BAC-2048x634.jpg 2048w\" sizes=\"auto, (max-width: 2200px) 100vw, 2200px\" \/>\t\t\t\t\t\t\t\t\t\t\t\t\t\t\t<\/div>\n\t\t\t\t<\/div>\n\t\t\t\t\t<\/div>\n\t\t<\/div>\n\t\t\t\t\t\t\t<\/div>\n\t\t<\/section>\n\t\t\t\t<section class=\"elementor-section elementor-top-section elementor-element elementor-element-4cfaa23e elementor-section-boxed elementor-section-height-default elementor-section-height-default\" data-id=\"4cfaa23e\" data-element_type=\"section\">\n\t\t\t\t\t\t<div class=\"elementor-container elementor-column-gap-default\">\n\t\t\t\t\t<div class=\"elementor-column elementor-col-100 elementor-top-column elementor-element elementor-element-1994c305\" data-id=\"1994c305\" data-element_type=\"column\">\n\t\t\t<div class=\"elementor-widget-wrap elementor-element-populated\">\n\t\t\t\t\t\t\t\t<div class=\"elementor-element elementor-element-410d579f elementor-widget elementor-widget-spacer\" data-id=\"410d579f\" data-element_type=\"widget\" data-widget_type=\"spacer.default\">\n\t\t\t\t<div class=\"elementor-widget-container\">\n\t\t\t\t\t<div class=\"elementor-spacer\">\n\t\t\t<div class=\"elementor-spacer-inner\"><\/div>\n\t\t<\/div>\n\t\t\t\t<\/div>\n\t\t\t\t<\/div>\n\t\t\t\t\t<\/div>\n\t\t<\/div>\n\t\t\t\t\t\t\t<\/div>\n\t\t<\/section>\n\t\t\t\t<section class=\"elementor-section elementor-top-section elementor-element elementor-element-30b5aa27 elementor-section-boxed elementor-section-height-default elementor-section-height-default\" data-id=\"30b5aa27\" data-element_type=\"section\" data-settings=\"{&quot;background_background&quot;:&quot;classic&quot;}\">\n\t\t\t\t\t\t<div class=\"elementor-container elementor-column-gap-default\">\n\t\t\t\t\t<div class=\"elementor-column elementor-col-100 elementor-top-column elementor-element elementor-element-6219ecf6\" data-id=\"6219ecf6\" data-element_type=\"column\" data-settings=\"{&quot;background_background&quot;:&quot;classic&quot;}\">\n\t\t\t<div class=\"elementor-widget-wrap elementor-element-populated\">\n\t\t\t\t\t\t\t\t<div class=\"elementor-element elementor-element-2797b8c3 elementor-widget elementor-widget-spacer\" data-id=\"2797b8c3\" data-element_type=\"widget\" data-widget_type=\"spacer.default\">\n\t\t\t\t<div class=\"elementor-widget-container\">\n\t\t\t\t\t<div class=\"elementor-spacer\">\n\t\t\t<div class=\"elementor-spacer-inner\"><\/div>\n\t\t<\/div>\n\t\t\t\t<\/div>\n\t\t\t\t<\/div>\n\t\t\t\t<div class=\"elementor-element elementor-element-14b4e254 elementor-hidden-desktop elementor-hidden-laptop elementor-hidden-tablet elementor-hidden-mobile elementor-widget elementor-widget-heading\" data-id=\"14b4e254\" data-element_type=\"widget\" data-widget_type=\"heading.default\">\n\t\t\t\t<div class=\"elementor-widget-container\">\n\t\t\t<style>\/*! elementor - v3.14.0 - 26-06-2023 *\/\n.elementor-heading-title{padding:0;margin:0;line-height:1}.elementor-widget-heading .elementor-heading-title[class*=elementor-size-]>a{color:inherit;font-size:inherit;line-height:inherit}.elementor-widget-heading .elementor-heading-title.elementor-size-small{font-size:15px}.elementor-widget-heading .elementor-heading-title.elementor-size-medium{font-size:19px}.elementor-widget-heading .elementor-heading-title.elementor-size-large{font-size:29px}.elementor-widget-heading .elementor-heading-title.elementor-size-xl{font-size:39px}.elementor-widget-heading .elementor-heading-title.elementor-size-xxl{font-size:59px}<\/style><h1 class=\"elementor-heading-title elementor-size-default\">Participaci\u00f3n ciudadana<\/h1>\t\t<\/div>\n\t\t\t\t<\/div>\n\t\t\t\t<div class=\"elementor-element elementor-element-ceeedbc elementor-widget elementor-widget-heading\" data-id=\"ceeedbc\" data-element_type=\"widget\" data-widget_type=\"heading.default\">\n\t\t\t\t<div class=\"elementor-widget-container\">\n\t\t\t<h2 class=\"elementor-heading-title elementor-size-default\">Trabajamos por la mejora de la participaci\u00f3n de los vecinos y vecinas de Betx\u00ed en asuntos comunitarios de inter\u00e9s general.<\/h2>\t\t<\/div>\n\t\t\t\t<\/div>\n\t\t\t\t<div class=\"elementor-element elementor-element-2e8b6f90 elementor-widget elementor-widget-spacer\" data-id=\"2e8b6f90\" data-element_type=\"widget\" data-widget_type=\"spacer.default\">\n\t\t\t\t<div class=\"elementor-widget-container\">\n\t\t\t\t\t<div class=\"elementor-spacer\">\n\t\t\t<div class=\"elementor-spacer-inner\"><\/div>\n\t\t<\/div>\n\t\t\t\t<\/div>\n\t\t\t\t<\/div>\n\t\t\t\t<div class=\"elementor-element elementor-element-1843a683 elementor-widget-tablet__width-inherit elementor-widget-mobile__width-inherit elementor-widget elementor-widget-text-editor\" data-id=\"1843a683\" data-element_type=\"widget\" data-widget_type=\"text-editor.default\">\n\t\t\t\t<div class=\"elementor-widget-container\">\n\t\t\t<style>\/*! elementor - v3.14.0 - 26-06-2023 *\/\n.elementor-widget-text-editor.elementor-drop-cap-view-stacked .elementor-drop-cap{background-color:#69727d;color:#fff}.elementor-widget-text-editor.elementor-drop-cap-view-framed .elementor-drop-cap{color:#69727d;border:3px solid;background-color:transparent}.elementor-widget-text-editor:not(.elementor-drop-cap-view-default) .elementor-drop-cap{margin-top:8px}.elementor-widget-text-editor:not(.elementor-drop-cap-view-default) .elementor-drop-cap-letter{width:1em;height:1em}.elementor-widget-text-editor .elementor-drop-cap{float:left;text-align:center;line-height:1;font-size:50px}.elementor-widget-text-editor .elementor-drop-cap-letter{display:inline-block}<\/style>\t\t\t\t<p>Generamos, impulsamos y coordinamos iniciativas de la comunidad para la misma comunidad, fomentando la promoci\u00f3n de la democracia, la responsabilidad social y el compromiso c\u00edvico. <strong>Apoyamos a propuestas ciudadanas y asociativas<\/strong> para abordar necesidades y oportunidades de la comunidad y mejorar el entorno m\u00e1s pr\u00f3ximo, fomentando as\u00ed que la ciudadan\u00eda organizada lleve a cabo acciones dirigidas a <strong>mejorar la calidad de vida y el entorno<\/strong>.<\/p><p>\u00a0<\/p><p>En los diferentes proyectos tenemos como objetivo dar a la ciudadan\u00eda<strong> herramientas y recursos para fortalecer el tejido asociativo y la transparencia<\/strong> dentro de las entidades locales. Por un lado, uniendo todas las iniciativas ciudadanas de las entidades locales, visibilizando y potenciando el compromiso c\u00edvico, y por otra, d\u00e1ndoles recursos para facilitar su tarea asociativa diaria.<\/p>\t\t\t\t\t\t<\/div>\n\t\t\t\t<\/div>\n\t\t\t\t<div class=\"elementor-element elementor-element-118f8466 elementor-widget elementor-widget-spacer\" data-id=\"118f8466\" data-element_type=\"widget\" data-widget_type=\"spacer.default\">\n\t\t\t\t<div class=\"elementor-widget-container\">\n\t\t\t\t\t<div class=\"elementor-spacer\">\n\t\t\t<div class=\"elementor-spacer-inner\"><\/div>\n\t\t<\/div>\n\t\t\t\t<\/div>\n\t\t\t\t<\/div>\n\t\t\t\t<div class=\"elementor-element elementor-element-4cc8f9b9 elementor-widget elementor-widget-spacer\" data-id=\"4cc8f9b9\" data-element_type=\"widget\" data-widget_type=\"spacer.default\">\n\t\t\t\t<div class=\"elementor-widget-container\">\n\t\t\t\t\t<div class=\"elementor-spacer\">\n\t\t\t<div class=\"elementor-spacer-inner\"><\/div>\n\t\t<\/div>\n\t\t\t\t<\/div>\n\t\t\t\t<\/div>\n\t\t\t\t\t<\/div>\n\t\t<\/div>\n\t\t\t\t\t\t\t<\/div>\n\t\t<\/section>\n\t\t\t\t<section class=\"elementor-section elementor-top-section elementor-element elementor-element-737b1fce elementor-section-boxed elementor-section-height-default elementor-section-height-default\" data-id=\"737b1fce\" data-element_type=\"section\">\n\t\t\t\t\t\t<div class=\"elementor-container elementor-column-gap-default\">\n\t\t\t\t\t<div class=\"elementor-column elementor-col-100 elementor-top-column elementor-element elementor-element-62998195\" data-id=\"62998195\" data-element_type=\"column\" data-settings=\"{&quot;background_background&quot;:&quot;classic&quot;}\">\n\t\t\t<div class=\"elementor-widget-wrap elementor-element-populated\">\n\t\t\t\t\t\t\t\t<section class=\"elementor-section elementor-inner-section elementor-element elementor-element-6d8e70a4 elementor-section-boxed elementor-section-height-default elementor-section-height-default\" data-id=\"6d8e70a4\" data-element_type=\"section\">\n\t\t\t\t\t\t<div class=\"elementor-container elementor-column-gap-default\">\n\t\t\t\t\t<div class=\"elementor-column elementor-col-33 elementor-inner-column elementor-element elementor-element-4eb1efcd\" data-id=\"4eb1efcd\" data-element_type=\"column\">\n\t\t\t<div class=\"elementor-widget-wrap elementor-element-populated\">\n\t\t\t\t\t\t\t\t<div class=\"elementor-element elementor-element-33a1f358 elementor-widget-mobile__width-initial contador-texto aleft elementor-widget elementor-widget-wgl-counter\" data-id=\"33a1f358\" data-element_type=\"widget\" data-widget_type=\"wgl-counter.default\">\n\t\t\t\t<div class=\"elementor-widget-container\">\n\t\t\t<div class=\"wgl-counter title-inline\"><div class=\"wgl-counter_wrap \"><div class=\"content-wrap\"><div class=\"wgl-counter_value-wrap\"><div class=\"wgl-counter__placeholder-wrap\"><span class=\"wgl-counter__placeholder\">4509<\/span><span class=\"wgl-counter__value\" data-start-value=\"0\" data-end-value=\"4509\" data-speed=\"2000\">0<\/span><\/div><\/div><h3 class=\"wgl-counter_title\">PERSONAS BENEFICIARIAS ANUALMENTE<\/h3><\/div><\/div><\/div>\t\t<\/div>\n\t\t\t\t<\/div>\n\t\t\t\t\t<\/div>\n\t\t<\/div>\n\t\t\t\t<div class=\"elementor-column elementor-col-33 elementor-inner-column elementor-element elementor-element-64ee41f7\" data-id=\"64ee41f7\" data-element_type=\"column\">\n\t\t\t<div class=\"elementor-widget-wrap elementor-element-populated\">\n\t\t\t\t\t\t\t\t<div class=\"elementor-element elementor-element-36e2eea6 elementor-widget-mobile__width-initial contador-texto aleft elementor-widget elementor-widget-wgl-counter\" data-id=\"36e2eea6\" data-element_type=\"widget\" data-widget_type=\"wgl-counter.default\">\n\t\t\t\t<div class=\"elementor-widget-container\">\n\t\t\t<div class=\"wgl-counter title-inline\"><div class=\"wgl-counter_wrap \"><div class=\"content-wrap\"><div class=\"wgl-counter_value-wrap\"><div class=\"wgl-counter__placeholder-wrap\"><span class=\"wgl-counter__placeholder\">18<\/span><span class=\"wgl-counter__value\" data-start-value=\"0\" data-end-value=\"18\" data-speed=\"2000\">0<\/span><\/div><\/div><h3 class=\"wgl-counter_title\">ENTIDADES Y ADMINISTRACIONES P\u00daBLICAS CON LAS CUALES TRABAJAMOS EN RED<\/h3><\/div><\/div><\/div>\t\t<\/div>\n\t\t\t\t<\/div>\n\t\t\t\t\t<\/div>\n\t\t<\/div>\n\t\t\t\t<div class=\"elementor-column elementor-col-33 elementor-inner-column elementor-element elementor-element-2e2c9cc3\" data-id=\"2e2c9cc3\" data-element_type=\"column\">\n\t\t\t<div class=\"elementor-widget-wrap elementor-element-populated\">\n\t\t\t\t\t\t\t\t<div class=\"elementor-element elementor-element-50a1e332 elementor-widget-mobile__width-initial contador-texto aleft elementor-widget elementor-widget-wgl-counter\" data-id=\"50a1e332\" data-element_type=\"widget\" data-widget_type=\"wgl-counter.default\">\n\t\t\t\t<div class=\"elementor-widget-container\">\n\t\t\t<div class=\"wgl-counter title-inline\"><div class=\"wgl-counter_wrap \"><div class=\"content-wrap\"><div class=\"wgl-counter_value-wrap\"><div class=\"wgl-counter__placeholder-wrap\"><span class=\"wgl-counter__placeholder\">73<\/span><span class=\"wgl-counter__value\" data-start-value=\"0\" data-end-value=\"73\" data-speed=\"2000\">0<\/span><\/div><\/div><h3 class=\"wgl-counter_title\">PROYECTOS CIUDADANOS APOYADOS EN ACTIVEM BETX\u00cd DESDE 2014<\/h3><\/div><\/div><\/div>\t\t<\/div>\n\t\t\t\t<\/div>\n\t\t\t\t\t<\/div>\n\t\t<\/div>\n\t\t\t\t\t\t\t<\/div>\n\t\t<\/section>\n\t\t\t\t\t<\/div>\n\t\t<\/div>\n\t\t\t\t\t\t\t<\/div>\n\t\t<\/section>\n\t\t\t\t<section class=\"elementor-section elementor-top-section elementor-element elementor-element-69339cba elementor-section-boxed elementor-section-height-default elementor-section-height-default\" data-id=\"69339cba\" data-element_type=\"section\">\n\t\t\t\t\t\t<div class=\"elementor-container elementor-column-gap-default\">\n\t\t\t\t\t<div class=\"elementor-column elementor-col-100 elementor-top-column elementor-element elementor-element-7c9d31f9\" data-id=\"7c9d31f9\" data-element_type=\"column\">\n\t\t\t<div class=\"elementor-widget-wrap elementor-element-populated\">\n\t\t\t\t\t\t\t\t<div class=\"elementor-element elementor-element-2cf29222 elementor-widget elementor-widget-spacer\" data-id=\"2cf29222\" data-element_type=\"widget\" data-widget_type=\"spacer.default\">\n\t\t\t\t<div class=\"elementor-widget-container\">\n\t\t\t\t\t<div class=\"elementor-spacer\">\n\t\t\t<div class=\"elementor-spacer-inner\"><\/div>\n\t\t<\/div>\n\t\t\t\t<\/div>\n\t\t\t\t<\/div>\n\t\t\t\t\t<\/div>\n\t\t<\/div>\n\t\t\t\t\t\t\t<\/div>\n\t\t<\/section>\n\t\t\t\t<section class=\"elementor-section elementor-top-section elementor-element elementor-element-7c484294 elementor-section-full_width elementor-section-height-default elementor-section-height-default\" data-id=\"7c484294\" data-element_type=\"section\">\n\t\t\t\t\t\t<div class=\"elementor-container elementor-column-gap-default\">\n\t\t\t\t\t<div class=\"elementor-column elementor-col-100 elementor-top-column elementor-element elementor-element-70ed3672\" data-id=\"70ed3672\" data-element_type=\"column\">\n\t\t\t<div class=\"elementor-widget-wrap elementor-element-populated\">\n\t\t\t\t\t\t\t\t<div class=\"elementor-element elementor-element-2f6dedc acenter elementor-widget elementor-widget-wgl-double-headings\" data-id=\"2f6dedc\" data-element_type=\"widget\" data-widget_type=\"wgl-double-headings.default\">\n\t\t\t\t<div class=\"elementor-widget-container\">\n\t\t\t        <div class=\"wgl-double_heading\"><h2 class=\"dbl__title-wrapper\"><span class=\"dbl__title dbl-title_1\">Proyectos\n<\/span><\/h2>        <\/div>\t\t<\/div>\n\t\t\t\t<\/div>\n\t\t\t\t<div class=\"elementor-element elementor-element-6259d250 elementor-widget elementor-widget-spacer\" data-id=\"6259d250\" data-element_type=\"widget\" data-widget_type=\"spacer.default\">\n\t\t\t\t<div class=\"elementor-widget-container\">\n\t\t\t\t\t<div class=\"elementor-spacer\">\n\t\t\t<div class=\"elementor-spacer-inner\"><\/div>\n\t\t<\/div>\n\t\t\t\t<\/div>\n\t\t\t\t<\/div>\n\t\t\t\t<div class=\"elementor-element elementor-element-77e17c10 grid-col-3 front_icon_alignment-right elementor-widget elementor-widget-wgl-accordion-service\" data-id=\"77e17c10\" data-element_type=\"widget\" data-widget_type=\"wgl-accordion-service.default\">\n\t\t\t\t<div class=\"elementor-widget-container\">\n\t\t\t<div class=\"wgl-accordion-services\"><div class=\"service__item elementor-repeater-item-9d3e73f\"><div class=\"service__thumbnail\"><div class=\"content__title\">Activem Betx\u00ed<\/div> <div class=\"wgl-service-front_icon-wrapper\"><div class=\"wgl-service-front_icon\"><i aria-hidden=\"true\" class=\"flaticon-plus\"><\/i><\/div><\/div><\/div><div class=\"service__content\"><h3 class=\"content__title\"><span class=\"title_anim\"><span class=\"word\"><span class=\"letter\" style=\"transition-delay:350ms\">A<\/span><span class=\"letter\" style=\"transition-delay:400ms\">c<\/span><span class=\"letter\" style=\"transition-delay:450ms\">t<\/span><span class=\"letter\" style=\"transition-delay:500ms\">i<\/span><span class=\"letter\" style=\"transition-delay:550ms\">v<\/span><span class=\"letter\" style=\"transition-delay:600ms\">e<\/span><span class=\"letter\" style=\"transition-delay:650ms\">m<\/span><span class=\"space\"> <\/span><\/span><span class=\"word\"><span class=\"letter\" style=\"transition-delay:750ms\">B<\/span><span class=\"letter\" style=\"transition-delay:800ms\">e<\/span><span class=\"letter\" style=\"transition-delay:850ms\">t<\/span><span class=\"letter\" style=\"transition-delay:900ms\">x<\/span><span class=\"letter\" style=\"transition-delay:950ms\">\u00ed<\/span><\/span><\/span><\/h3><div class=\"content__description\"><strong>Activem Betx\u00ed<\/strong>, son unas ayudas anuales, convocadas conjuntamente con el Ayuntamiento de Betx\u00ed desde el 2014, para apoyar econ\u00f3micamente y t\u00e9cnicamente propuestas ciudadanas y asociativas, externas a la fundaci\u00f3n, que abordan necesidades y oportunidades de la sociedad de Betx\u00ed.\n\nLas ideas de los proyectos que se presentan son iniciativas que buscan resolver un problema social y, por lo tanto, puedan traducirse en un beneficio para Betx\u00ed. Las propuestas se engloban dentro de diferentes problem\u00e1ticas: crisis y trabajo, ecolog\u00eda, d\u00e9ficit de democracia y participaci\u00f3n, infraestructuras, juventud, acci\u00f3n social, educaci\u00f3n y emprendimiento social. Todos los a\u00f1os publicamos las bases y el formulario de solicitud en la web.\n<\/div><\/div><\/div><div class=\"service__item elementor-repeater-item-08b983f\"><div class=\"service__thumbnail\"><div class=\"content__title\">Centro c\u00edvico y recursos asociativos<\/div> <div class=\"wgl-service-front_icon-wrapper\"><div class=\"wgl-service-front_icon\"><i aria-hidden=\"true\" class=\"flaticon-plus\"><\/i><\/div><\/div><\/div><div class=\"service__content\"><h3 class=\"content__title\"><span class=\"title_anim\"><span class=\"word\"><span class=\"letter\" style=\"transition-delay:350ms\">C<\/span><span class=\"letter\" style=\"transition-delay:400ms\">e<\/span><span class=\"letter\" style=\"transition-delay:450ms\">n<\/span><span class=\"letter\" style=\"transition-delay:500ms\">t<\/span><span class=\"letter\" style=\"transition-delay:550ms\">r<\/span><span class=\"letter\" style=\"transition-delay:600ms\">o<\/span><span class=\"space\"> <\/span><\/span><span class=\"word\"><span class=\"letter\" style=\"transition-delay:700ms\">c<\/span><span class=\"letter\" style=\"transition-delay:750ms\">\u00ed<\/span><span class=\"letter\" style=\"transition-delay:800ms\">v<\/span><span class=\"letter\" style=\"transition-delay:850ms\">i<\/span><span class=\"letter\" style=\"transition-delay:900ms\">c<\/span><span class=\"letter\" style=\"transition-delay:950ms\">o<\/span><span class=\"space\"> <\/span><\/span><span class=\"word\"><span class=\"letter\" style=\"transition-delay:1050ms\">y<\/span><span class=\"space\"> <\/span><\/span><span class=\"word\"><span class=\"letter\" style=\"transition-delay:1150ms\">r<\/span><span class=\"letter\" style=\"transition-delay:1200ms\">e<\/span><span class=\"letter\" style=\"transition-delay:1250ms\">c<\/span><span class=\"letter\" style=\"transition-delay:1300ms\">u<\/span><span class=\"letter\" style=\"transition-delay:1350ms\">r<\/span><span class=\"letter\" style=\"transition-delay:1400ms\">s<\/span><span class=\"letter\" style=\"transition-delay:1450ms\">o<\/span><span class=\"letter\" style=\"transition-delay:1500ms\">s<\/span><span class=\"space\"> <\/span><\/span><span class=\"word\"><span class=\"letter\" style=\"transition-delay:1600ms\">a<\/span><span class=\"letter\" style=\"transition-delay:1650ms\">s<\/span><span class=\"letter\" style=\"transition-delay:1700ms\">o<\/span><span class=\"letter\" style=\"transition-delay:1750ms\">c<\/span><span class=\"letter\" style=\"transition-delay:1800ms\">i<\/span><span class=\"letter\" style=\"transition-delay:1850ms\">a<\/span><span class=\"letter\" style=\"transition-delay:1900ms\">t<\/span><span class=\"letter\" style=\"transition-delay:1950ms\">i<\/span><span class=\"letter\" style=\"transition-delay:2000ms\">v<\/span><span class=\"letter\" style=\"transition-delay:2050ms\">o<\/span><span class=\"letter\" style=\"transition-delay:2100ms\">s<\/span><\/span><\/span><\/h3><div class=\"content__description\">Con la cesi\u00f3n de espacios y el asesoramiento a asociaciones y grupos locales, ofrecemos v\u00edas de participaci\u00f3n social y desarrollo comunitario que enriquezcan la vida sociocultural de Betx\u00ed y, abordamos toda una serie de necesidades emergentes de la comunidad, con el objetivo de fortalecer las organizaciones de la sociedad civil.\n\nOfrecemos un espacio de referencia a las m\u00faltiples iniciativas asociativas y ciudadanas tanto del municipio como de la provincia. A lo largo de los a\u00f1os hemos apoyado a las actividades organizadas por diferentes entidades como la Asociaci\u00f3n Casa de Juventud la Espurna, AFIMREB, la Asociaci\u00f3n Valenciana para el fomento de la EBC, la Asociaci\u00f3n Betx\u00ed Art Comprom\u00e9s, el grupo local de teatro, grupos de comunicaci\u00f3n familiar, o de biodansa, entre otros. Pod\u00e9is consultar <a href=\"\/es\/actualitat\/\" target=\"_blank\">la p\u00e1gina de Actualidad en la web de Novessendes<\/a> para informaros de las actividades.<\/div><\/div><\/div><div class=\"service__item elementor-repeater-item-627d1f0\"><div class=\"service__thumbnail\"><div class=\"content__title\">Esplai<\/div> <div class=\"wgl-service-front_icon-wrapper\"><div class=\"wgl-service-front_icon\"><i aria-hidden=\"true\" class=\"flaticon-plus\"><\/i><\/div><\/div><\/div><div class=\"service__content\"><h3 class=\"content__title\"><span class=\"title_anim\"><span class=\"word\"><span class=\"letter\" style=\"transition-delay:350ms\">E<\/span><span class=\"letter\" style=\"transition-delay:400ms\">s<\/span><span class=\"letter\" style=\"transition-delay:450ms\">p<\/span><span class=\"letter\" style=\"transition-delay:500ms\">l<\/span><span class=\"letter\" style=\"transition-delay:550ms\">a<\/span><span class=\"letter\" style=\"transition-delay:600ms\">i<\/span><\/span><\/span><\/h3><div class=\"content__description\"><strong>Esplai Juga el dissabte<\/strong> es un proyecto educativo dirigido a ni\u00f1as y ni\u00f1os de 6 a 12 a\u00f1os y sus familias. Las actividades se hacen los s\u00e1bados por la ma\u00f1ana. Mediante el juego, el aprendizaje compartido, el di\u00e1logo, la aventura, la imaginaci\u00f3n y la creatividad, trabajamos con los ni\u00f1os y sus familias hacia una educaci\u00f3n que promueve la ciudadan\u00eda activa y el aprendizaje en valores.\n\nEn este proyecto colaboramos con la Asociaci\u00f3n de Esplais de Castell\u00f3 (AECA), y hacemos red con otros esplais de la provincia de Castell\u00f3, de Almassora, de les Alqueries y barrios de Castell\u00f3 de la Plana.\n<\/div><\/div><\/div><div class=\"service__item elementor-repeater-item-a8c23b8\"><div class=\"service__thumbnail\"><div class=\"content__title\">Programa de voluntariado<\/div> <div class=\"wgl-service-front_icon-wrapper\"><div class=\"wgl-service-front_icon\"><i aria-hidden=\"true\" class=\"flaticon-plus\"><\/i><\/div><\/div><\/div><div class=\"service__content\"><h3 class=\"content__title\"><span class=\"title_anim\"><span class=\"word\"><span class=\"letter\" style=\"transition-delay:350ms\">P<\/span><span class=\"letter\" style=\"transition-delay:400ms\">r<\/span><span class=\"letter\" style=\"transition-delay:450ms\">o<\/span><span class=\"letter\" style=\"transition-delay:500ms\">g<\/span><span class=\"letter\" style=\"transition-delay:550ms\">r<\/span><span class=\"letter\" style=\"transition-delay:600ms\">a<\/span><span class=\"letter\" style=\"transition-delay:650ms\">m<\/span><span class=\"letter\" style=\"transition-delay:700ms\">a<\/span><span class=\"space\"> <\/span><\/span><span class=\"word\"><span class=\"letter\" style=\"transition-delay:800ms\">d<\/span><span class=\"letter\" style=\"transition-delay:850ms\">e<\/span><span class=\"space\"> <\/span><\/span><span class=\"word\"><span class=\"letter\" style=\"transition-delay:950ms\">v<\/span><span class=\"letter\" style=\"transition-delay:1000ms\">o<\/span><span class=\"letter\" style=\"transition-delay:1050ms\">l<\/span><span class=\"letter\" style=\"transition-delay:1100ms\">u<\/span><span class=\"letter\" style=\"transition-delay:1150ms\">n<\/span><span class=\"letter\" style=\"transition-delay:1200ms\">t<\/span><span class=\"letter\" style=\"transition-delay:1250ms\">a<\/span><span class=\"letter\" style=\"transition-delay:1300ms\">r<\/span><span class=\"letter\" style=\"transition-delay:1350ms\">i<\/span><span class=\"letter\" style=\"transition-delay:1400ms\">a<\/span><span class=\"letter\" style=\"transition-delay:1450ms\">d<\/span><span class=\"letter\" style=\"transition-delay:1500ms\">o<\/span><\/span><\/span><\/h3><div class=\"content__description\">Creemos en una manera de hacer voluntariado en la cual las personas hacen suyo el proyecto ciudadano en el cual se involucran. Dentro de la Fundaci\u00f3n promovemos tres grupos de voluntariado en el \u00e1mbito local: educativo, social y ambiental. Ponemos especial \u00e9nfasis a dinamizar a j\u00f3venes y promover el mantenimiento de proyectos de asociacionismo juvenil y de ocio educativo infantil en el Esplai. Entendemos que para tener un voluntariado fuerte tenemos que colaborar con aquellas entidades que tienen gente trabajando a su tiempo libre por la mejora y la transformaci\u00f3n de la realidad, y por eso mantenemos la relaci\u00f3n constante con asociaciones locales que trabajan en el territorio. Muchas veces estas entidades locales no tienen la estructura legal necesaria para acoger al voluntariado, por eso canalizamos la necesidad de estas, en cuanto a la gesti\u00f3n del voluntariado.\n<br><\/br>\nPara hacer voluntariado pod\u00e9is inscribiros en la web en  <a href=\"\/es\/fer-se-soci\/\" target=\"_blank\">Colabora.<\/a>\n<br><\/br>\nM\u00e1s informaci\u00f3n en <a href=\"\/wp-content\/uploads\/2023\/07\/Pla-Voluntariat-trz.pdf\" target=\"_blank\">Plan de Voluntariado.<\/a>\n\n<\/div><\/div><\/div><div class=\"service__item elementor-repeater-item-614033a\"><div class=\"service__thumbnail\"><div class=\"content__title\">Redes de cooperaci\u00f3n<\/div> <div class=\"wgl-service-front_icon-wrapper\"><div class=\"wgl-service-front_icon\"><i aria-hidden=\"true\" class=\"flaticon-plus\"><\/i><\/div><\/div><\/div><div class=\"service__content\"><h3 class=\"content__title\"><span class=\"title_anim\"><span class=\"word\"><span class=\"letter\" style=\"transition-delay:350ms\">R<\/span><span class=\"letter\" style=\"transition-delay:400ms\">e<\/span><span class=\"letter\" style=\"transition-delay:450ms\">d<\/span><span class=\"letter\" style=\"transition-delay:500ms\">e<\/span><span class=\"letter\" style=\"transition-delay:550ms\">s<\/span><span class=\"space\"> <\/span><\/span><span class=\"word\"><span class=\"letter\" style=\"transition-delay:650ms\">d<\/span><span class=\"letter\" style=\"transition-delay:700ms\">e<\/span><span class=\"space\"> <\/span><\/span><span class=\"word\"><span class=\"letter\" style=\"transition-delay:800ms\">c<\/span><span class=\"letter\" style=\"transition-delay:850ms\">o<\/span><span class=\"letter\" style=\"transition-delay:900ms\">o<\/span><span class=\"letter\" style=\"transition-delay:950ms\">p<\/span><span class=\"letter\" style=\"transition-delay:1000ms\">e<\/span><span class=\"letter\" style=\"transition-delay:1050ms\">r<\/span><span class=\"letter\" style=\"transition-delay:1100ms\">a<\/span><span class=\"letter\" style=\"transition-delay:1150ms\">c<\/span><span class=\"letter\" style=\"transition-delay:1200ms\">i<\/span><span class=\"letter\" style=\"transition-delay:1250ms\">\u00f3<\/span><span class=\"letter\" style=\"transition-delay:1300ms\">n<\/span><\/span><\/span><\/h3><div class=\"content__description\">Participamos en redes y colaboramos en proyectos con otras entidades sociales: <a href=\"\/\/www.cvongd.org\/va\/\" target=\"_blank\"> Coordinadora Valenciana de ONGD (CVONGD)<\/a>,  <a href=\"https:\/\/ebccomunitatvalenciana.org\/\" target=\"_blank\"> Asociaci\u00f3n Valenciana de Econ\u00f3mica del Bien Com\u00fan (AVEBC)<\/a>, <a href=\"http:\/\/fesesplai.org\/\" target=\"_blank\"> Asociaci\u00f3n de Esplais de Castell\u00f3 (AECA)<\/a>, <a href=\"https:\/\/www.fundaciones.org\/es\/inicio\" target=\"_blank\"> Associaci\u00f3n Espa\u00f1ola de Fundaciones (AEF)<\/a>, entre otras.\n<br><\/br>\nParticipamos en Ferias y otros espacios de generaci\u00f3n de aprendizaje compartido: ferias de econom\u00eda solidaria, ferias de agroecolog\u00eda y foros de participaci\u00f3n. Y generamos proyectos en cooperaci\u00f3n con otras entidades: Promoci\u00f3n de la econom\u00eda sostenible y las finanzas \u00e9ticas, as\u00ed como actividades de promoci\u00f3n econ\u00f3mica en el interior de la provincia de Castell\u00f3 para la dinamizaci\u00f3n de los productos de proximidad.<\/div><\/div><\/div><div class=\"service__item elementor-repeater-item-2323c81\"><div class=\"service__thumbnail\"><div class=\"content__title\"> La Econom\u00eda del bien com\u00fan<\/div> <div class=\"wgl-service-front_icon-wrapper\"><div class=\"wgl-service-front_icon\"><i aria-hidden=\"true\" class=\"flaticon-plus\"><\/i><\/div><\/div><\/div><div class=\"service__content\"><h3 class=\"content__title\"><span class=\"title_anim\"><span class=\"word\"><span class=\"space\"> <\/span><\/span><span class=\"word\"><span class=\"letter\" style=\"transition-delay:400ms\">L<\/span><span class=\"letter\" style=\"transition-delay:450ms\">a<\/span><span class=\"space\"> <\/span><\/span><span class=\"word\"><span class=\"letter\" style=\"transition-delay:550ms\">E<\/span><span class=\"letter\" style=\"transition-delay:600ms\">c<\/span><span class=\"letter\" style=\"transition-delay:650ms\">o<\/span><span class=\"letter\" style=\"transition-delay:700ms\">n<\/span><span class=\"letter\" style=\"transition-delay:750ms\">o<\/span><span class=\"letter\" style=\"transition-delay:800ms\">m<\/span><span class=\"letter\" style=\"transition-delay:850ms\">\u00ed<\/span><span class=\"letter\" style=\"transition-delay:900ms\">a<\/span><span class=\"space\"> <\/span><\/span><span class=\"word\"><span class=\"letter\" style=\"transition-delay:1000ms\">d<\/span><span class=\"letter\" style=\"transition-delay:1050ms\">e<\/span><span class=\"letter\" style=\"transition-delay:1100ms\">l<\/span><span class=\"space\"> <\/span><\/span><span class=\"word\"><span class=\"letter\" style=\"transition-delay:1200ms\">b<\/span><span class=\"letter\" style=\"transition-delay:1250ms\">i<\/span><span class=\"letter\" style=\"transition-delay:1300ms\">e<\/span><span class=\"letter\" style=\"transition-delay:1350ms\">n<\/span><span class=\"space\"> <\/span><\/span><span class=\"word\"><span class=\"letter\" style=\"transition-delay:1450ms\">c<\/span><span class=\"letter\" style=\"transition-delay:1500ms\">o<\/span><span class=\"letter\" style=\"transition-delay:1550ms\">m<\/span><span class=\"letter\" style=\"transition-delay:1600ms\">\u00fa<\/span><span class=\"letter\" style=\"transition-delay:1650ms\">n<\/span><\/span><\/span><\/h3><div class=\"content__description\"><strong>Acciones de Fomento de la Econom\u00eda del Bien Com\u00fan; Adaptaci\u00f3n de la matriz del Bien com\u00fan a organizaciones sociales del tercer sector<\/strong>, es un proyecto financiado por la Conseller\u00eda de Econom\u00eda sostenible, Sectores productivos, Comercio y Trabajo. Este proyecto tiene como objetivo principal el fomento y difusi\u00f3n de la cultura y pr\u00e1cticas de la Econom\u00eda del Bien Com\u00fan en entidades sociales. La Econom\u00eda del Bien Com\u00fan (EBC) es un modelo econ\u00f3mico que promueve que las organizaciones, independientemente de su sector o tama\u00f1o, tienen que actuar en beneficio del inter\u00e9s general o del bien com\u00fan. Por lo tanto, establecer el bien com\u00fan como norte significa actuar integrando, en cada paso, los valores de dignidad humana, solidaridad, justicia, sostenibilidad medioambiental, transparencia y participaci\u00f3n democr\u00e1tica.\n<br><\/br>\n<strong>M\u00e1s informaci\u00f3n en<\/strong>: <a href=\" \/wp-content\/uploads\/2023\/07\/entidades_valenciano.pdf\" target=\"_blank\"> L\u2019economia del B\u00e9 Com\u00fa en les entitats socials.<\/a><\/div><\/div><\/div><\/div>\t\t<\/div>\n\t\t\t\t<\/div>\n\t\t\t\t\t<\/div>\n\t\t<\/div>\n\t\t\t\t\t\t\t<\/div>\n\t\t<\/section>\n\t\t\t\t<section class=\"elementor-section elementor-top-section elementor-element elementor-element-99f188f elementor-section-full_width elementor-section-height-default elementor-section-height-default\" data-id=\"99f188f\" data-element_type=\"section\">\n\t\t\t\t\t\t<div class=\"elementor-container elementor-column-gap-default\">\n\t\t\t\t\t<div class=\"elementor-column elementor-col-100 elementor-top-column elementor-element elementor-element-224bf50\" data-id=\"224bf50\" data-element_type=\"column\">\n\t\t\t<div class=\"elementor-widget-wrap elementor-element-populated\">\n\t\t\t\t\t\t\t\t<div class=\"elementor-element elementor-element-31e25d4 elementor-widget elementor-widget-spacer\" data-id=\"31e25d4\" data-element_type=\"widget\" data-widget_type=\"spacer.default\">\n\t\t\t\t<div class=\"elementor-widget-container\">\n\t\t\t\t\t<div class=\"elementor-spacer\">\n\t\t\t<div class=\"elementor-spacer-inner\"><\/div>\n\t\t<\/div>\n\t\t\t\t<\/div>\n\t\t\t\t<\/div>\n\t\t\t\t<div class=\"elementor-element elementor-element-d0c8679 acenter elementor-widget elementor-widget-wgl-double-headings\" data-id=\"d0c8679\" data-element_type=\"widget\" data-widget_type=\"wgl-double-headings.default\">\n\t\t\t\t<div class=\"elementor-widget-container\">\n\t\t\t        <div class=\"wgl-double_heading\"><h2 class=\"dbl__title-wrapper\"><span class=\"dbl__title dbl-title_1\">Publicaciones<\/span><\/h2>        <\/div>\t\t<\/div>\n\t\t\t\t<\/div>\n\t\t\t\t<div class=\"elementor-element elementor-element-eaa1710 elementor-widget elementor-widget-spacer\" data-id=\"eaa1710\" data-element_type=\"widget\" data-widget_type=\"spacer.default\">\n\t\t\t\t<div class=\"elementor-widget-container\">\n\t\t\t\t\t<div class=\"elementor-spacer\">\n\t\t\t<div class=\"elementor-spacer-inner\"><\/div>\n\t\t<\/div>\n\t\t\t\t<\/div>\n\t\t\t\t<\/div>\n\t\t\t\t<section class=\"elementor-section elementor-inner-section elementor-element elementor-element-10b1cb5 elementor-section-full_width proyectos__publicaciones elementor-section-height-default elementor-section-height-default\" data-id=\"10b1cb5\" data-element_type=\"section\">\n\t\t\t\t\t\t<div class=\"elementor-container elementor-column-gap-default\">\n\t\t\t\t\t<div class=\"elementor-column elementor-col-25 elementor-inner-column elementor-element elementor-element-566e11f\" data-id=\"566e11f\" data-element_type=\"column\">\n\t\t\t<div class=\"elementor-widget-wrap elementor-element-populated\">\n\t\t\t\t\t\t\t\t<div class=\"elementor-element elementor-element-d71f114 elementor-widget elementor-widget-wgl-demo-item\" data-id=\"d71f114\" data-element_type=\"widget\" data-widget_type=\"wgl-demo-item.default\">\n\t\t\t\t<div class=\"elementor-widget-container\">\n\t\t\t        <div class=\"wgl-demo-item \">\n            <div class=\"demo-item_title-wrap\">                    <div class=\"demo-item_image-wrap\">\n                        <a class=\"demo-item_image-link\" href=\"\/wp-content\/uploads\/2023\/07\/Revista_BAC_ok.pdf\" target=\"_blank\"><img decoding=\"async\" class=\"demo-item_image\" src=\"https:\/\/novessendes.org\/wp-content\/uploads\/2023\/07\/Revista_BAC-PortadaWEB.jpg\" alt=\"Revista_BAC-PortadaWEB\" \/><\/a>                    <\/div><a class=\"demo-item_title-link\" href=\"\/wp-content\/uploads\/2023\/07\/Revista_BAC_ok.pdf\" target=\"_blank\"><h3 class=\"demo-item_title\">Revista BAC<\/h3><\/a>            <\/div>\n        <\/div>\n\n        \t\t<\/div>\n\t\t\t\t<\/div>\n\t\t\t\t\t<\/div>\n\t\t<\/div>\n\t\t\t\t<div class=\"elementor-column elementor-col-25 elementor-inner-column elementor-element elementor-element-9e831d6\" data-id=\"9e831d6\" data-element_type=\"column\">\n\t\t\t<div class=\"elementor-widget-wrap elementor-element-populated\">\n\t\t\t\t\t\t\t\t<div class=\"elementor-element elementor-element-c802e82 proyectos__publicaciones elementor-widget elementor-widget-wgl-demo-item\" data-id=\"c802e82\" data-element_type=\"widget\" data-widget_type=\"wgl-demo-item.default\">\n\t\t\t\t<div class=\"elementor-widget-container\">\n\t\t\t        <div class=\"wgl-demo-item \">\n            <div class=\"demo-item_title-wrap\">                    <div class=\"demo-item_image-wrap\">\n                        <a class=\"demo-item_image-link\" href=\"\/wp-content\/uploads\/2023\/07\/entidades_valenciano.pdf\" target=\"_blank\"><img decoding=\"async\" class=\"demo-item_image\" src=\"https:\/\/novessendes.org\/wp-content\/uploads\/2023\/07\/EBC-EntitatsSocials-PortadaWeb.jpg\" alt=\"EBC-EntitatsSocials-PortadaWeb\" \/><\/a>                    <\/div><a class=\"demo-item_title-link\" href=\"\/wp-content\/uploads\/2023\/07\/entidades_valenciano.pdf\" target=\"_blank\"><h3 class=\"demo-item_title\">Revista EBC<\/h3><\/a>            <\/div>\n        <\/div>\n\n        \t\t<\/div>\n\t\t\t\t<\/div>\n\t\t\t\t\t<\/div>\n\t\t<\/div>\n\t\t\t\t<div class=\"elementor-column elementor-col-25 elementor-inner-column elementor-element elementor-element-b34f171\" data-id=\"b34f171\" data-element_type=\"column\">\n\t\t\t<div class=\"elementor-widget-wrap elementor-element-populated\">\n\t\t\t\t\t\t\t\t<div class=\"elementor-element elementor-element-bfe7a90 proyectos__publicaciones elementor-widget elementor-widget-wgl-demo-item\" data-id=\"bfe7a90\" data-element_type=\"widget\" data-widget_type=\"wgl-demo-item.default\">\n\t\t\t\t<div class=\"elementor-widget-container\">\n\t\t\t        <div class=\"wgl-demo-item \">\n            <div class=\"demo-item_title-wrap\">                    <div class=\"demo-item_image-wrap\">\n                        <a class=\"demo-item_image-link\" href=\"http:\/\/observatori.novessendes.org\/wp-content\/uploads\/2022\/11\/ObSo_INFORME_Activem_Betxi.pdf\" target=\"_blank\"><img decoding=\"async\" class=\"demo-item_image\" src=\"https:\/\/novessendes.org\/wp-content\/uploads\/2023\/10\/ObSo_INFORME_ActivemBetxi.png\" alt=\"ObSo_INFORME_ActivemBetxi\" \/><\/a>                    <\/div><a class=\"demo-item_title-link\" href=\"http:\/\/observatori.novessendes.org\/wp-content\/uploads\/2022\/11\/ObSo_INFORME_Activem_Betxi.pdf\" target=\"_blank\"><h3 class=\"demo-item_title\">Informe Aportaciones de Activem Betx\u00ed al Bien Com\u00fan y a los ODS<\/h3><\/a>            <\/div>\n        <\/div>\n\n        \t\t<\/div>\n\t\t\t\t<\/div>\n\t\t\t\t\t<\/div>\n\t\t<\/div>\n\t\t\t\t<div class=\"elementor-column elementor-col-25 elementor-inner-column elementor-element elementor-element-ec5d2d5\" data-id=\"ec5d2d5\" data-element_type=\"column\">\n\t\t\t<div class=\"elementor-widget-wrap elementor-element-populated\">\n\t\t\t\t\t\t\t\t<div class=\"elementor-element elementor-element-d19b45f proyectos__publicaciones elementor-widget elementor-widget-wgl-demo-item\" data-id=\"d19b45f\" data-element_type=\"widget\" data-widget_type=\"wgl-demo-item.default\">\n\t\t\t\t<div class=\"elementor-widget-container\">\n\t\t\t        <div class=\"wgl-demo-item \">\n            <div class=\"demo-item_title-wrap\">                    <div class=\"demo-item_image-wrap\">\n                        <a class=\"demo-item_image-link\" href=\"http:\/\/observatori.novessendes.org\/wp-content\/uploads\/2022\/11\/ObSo_INFORME_Ies_EBC.pdf\" target=\"_blank\"><img decoding=\"async\" class=\"demo-item_image\" src=\"https:\/\/novessendes.org\/wp-content\/uploads\/2023\/10\/ObSo_INFORME_Ies_EBC.png\" alt=\"ObSo_INFORME_Ies_EBC\" \/><\/a>                    <\/div><a class=\"demo-item_title-link\" href=\"http:\/\/observatori.novessendes.org\/wp-content\/uploads\/2022\/11\/ObSo_INFORME_Ies_EBC.pdf\" target=\"_blank\"><h3 class=\"demo-item_title\">Informe Aportaciones de la emprendedoria social i juvenil al Bien Com\u00fan y a los ODS<\/h3><\/a>            <\/div>\n        <\/div>\n\n        \t\t<\/div>\n\t\t\t\t<\/div>\n\t\t\t\t\t<\/div>\n\t\t<\/div>\n\t\t\t\t\t\t\t<\/div>\n\t\t<\/section>\n\t\t\t\t<section class=\"elementor-section elementor-inner-section elementor-element elementor-element-f7fdba6 elementor-section-full_width proyectos__publicaciones elementor-section-height-default elementor-section-height-default\" data-id=\"f7fdba6\" data-element_type=\"section\">\n\t\t\t\t\t\t<div class=\"elementor-container elementor-column-gap-default\">\n\t\t\t\t\t<div class=\"elementor-column elementor-col-25 elementor-inner-column elementor-element elementor-element-e309d5e\" data-id=\"e309d5e\" data-element_type=\"column\">\n\t\t\t<div class=\"elementor-widget-wrap elementor-element-populated\">\n\t\t\t\t\t\t\t\t<div class=\"elementor-element elementor-element-1d74021 elementor-widget elementor-widget-wgl-demo-item\" data-id=\"1d74021\" data-element_type=\"widget\" data-widget_type=\"wgl-demo-item.default\">\n\t\t\t\t<div class=\"elementor-widget-container\">\n\t\t\t        <div class=\"wgl-demo-item \">\n            <div class=\"demo-item_title-wrap\">                    <div class=\"demo-item_image-wrap\">\n                        <a class=\"demo-item_image-link\" href=\"http:\/\/observatori.novessendes.org\/wp-content\/uploads\/2022\/12\/ObSo_INFORME_diagnostic_proces_participatiu.pdf\" target=\"_blank\"><img decoding=\"async\" class=\"demo-item_image\" src=\"https:\/\/novessendes.org\/wp-content\/uploads\/2023\/10\/ObSo_INFORME_diagnostic_proces_participatiu-e1698929254351.png\" alt=\"ObSo_INFORME_diagnostic_proces_participatiu\" \/><\/a>                    <\/div><a class=\"demo-item_title-link\" href=\"http:\/\/observatori.novessendes.org\/wp-content\/uploads\/2022\/12\/ObSo_INFORME_diagnostic_proces_participatiu.pdf\" target=\"_blank\"><h3 class=\"demo-item_title\">Informe Imaginem Betx\u00ed 2022<\/h3><\/a>            <\/div>\n        <\/div>\n\n        \t\t<\/div>\n\t\t\t\t<\/div>\n\t\t\t\t\t<\/div>\n\t\t<\/div>\n\t\t\t\t<div class=\"elementor-column elementor-col-25 elementor-inner-column elementor-element elementor-element-363f0f9\" data-id=\"363f0f9\" data-element_type=\"column\">\n\t\t\t<div class=\"elementor-widget-wrap\">\n\t\t\t\t\t\t\t\t\t<\/div>\n\t\t<\/div>\n\t\t\t\t<div class=\"elementor-column elementor-col-25 elementor-inner-column elementor-element elementor-element-738f2f6\" data-id=\"738f2f6\" data-element_type=\"column\">\n\t\t\t<div class=\"elementor-widget-wrap\">\n\t\t\t\t\t\t\t\t\t<\/div>\n\t\t<\/div>\n\t\t\t\t<div class=\"elementor-column elementor-col-25 elementor-inner-column elementor-element elementor-element-0e81ffa\" data-id=\"0e81ffa\" data-element_type=\"column\">\n\t\t\t<div class=\"elementor-widget-wrap\">\n\t\t\t\t\t\t\t\t\t<\/div>\n\t\t<\/div>\n\t\t\t\t\t\t\t<\/div>\n\t\t<\/section>\n\t\t\t\t\t<\/div>\n\t\t<\/div>\n\t\t\t\t\t\t\t<\/div>\n\t\t<\/section>\n\t\t\t\t\t\t\t<\/div>\n\t\t","protected":false},"excerpt":{"rendered":"<p>Participaci\u00f3n ciudadana Trabajamos por la mejora de la participaci\u00f3n de los vecinos y vecinas de Betx\u00ed en asuntos comunitarios de inter\u00e9s general. Generamos, impulsamos y coordinamos iniciativas de la comunidad para la misma comunidad, fomentando la promoci\u00f3n de la democracia, la responsabilidad social y el compromiso c\u00edvico. Apoyamos a propuestas ciudadanas y asociativas para abordar [&hellip;]<\/p>\n","protected":false},"author":1,"featured_media":0,"parent":0,"menu_order":0,"comment_status":"closed","ping_status":"closed","template":"","meta":{"give_campaign_id":0,"footnotes":""},"class_list":["post-14066","page","type-page","status-publish","hentry"],"yoast_head":"<!-- This site is optimized with the Yoast SEO plugin v27.0 - https:\/\/yoast.com\/product\/yoast-seo-wordpress\/ -->\n<title>Participaci\u00f3n ciudadana - Novessendes<\/title>\n<meta name=\"robots\" content=\"index, follow, max-snippet:-1, max-image-preview:large, max-video-preview:-1\" \/>\n<link rel=\"canonical\" href=\"https:\/\/novessendes.org\/es\/participacion-ciudadana\/\" \/>\n<meta property=\"og:locale\" content=\"es_ES\" \/>\n<meta property=\"og:type\" content=\"article\" \/>\n<meta property=\"og:title\" content=\"Participaci\u00f3n ciudadana - Novessendes\" \/>\n<meta property=\"og:description\" content=\"Participaci\u00f3n ciudadana Trabajamos por la mejora de la participaci\u00f3n de los vecinos y vecinas de Betx\u00ed en asuntos comunitarios de inter\u00e9s general. Generamos, impulsamos y coordinamos iniciativas de la comunidad para la misma comunidad, fomentando la promoci\u00f3n de la democracia, la responsabilidad social y el compromiso c\u00edvico. Apoyamos a propuestas ciudadanas y asociativas para abordar [&hellip;]\" \/>\n<meta property=\"og:url\" content=\"https:\/\/novessendes.org\/es\/participacion-ciudadana\/\" \/>\n<meta property=\"og:site_name\" content=\"Novessendes\" \/>\n<meta property=\"article:modified_time\" content=\"2023-12-19T13:55:35+00:00\" \/>\n<meta property=\"og:image\" content=\"https:\/\/novessendes.org\/wp-content\/uploads\/2023\/06\/Banner_BAC.jpg\" \/>\n<meta name=\"twitter:card\" content=\"summary_large_image\" \/>\n<meta name=\"twitter:label1\" content=\"Tiempo de lectura\" \/>\n\t<meta name=\"twitter:data1\" content=\"7 minutos\" \/>\n<script type=\"application\/ld+json\" class=\"yoast-schema-graph\">{\"@context\":\"https:\/\/schema.org\",\"@graph\":[{\"@type\":\"WebPage\",\"@id\":\"https:\/\/novessendes.org\/es\/participacion-ciudadana\/\",\"url\":\"https:\/\/novessendes.org\/es\/participacion-ciudadana\/\",\"name\":\"Participaci\u00f3n ciudadana - Novessendes\",\"isPartOf\":{\"@id\":\"https:\/\/novessendes.org\/es\/#website\"},\"primaryImageOfPage\":{\"@id\":\"https:\/\/novessendes.org\/es\/participacion-ciudadana\/#primaryimage\"},\"image\":{\"@id\":\"https:\/\/novessendes.org\/es\/participacion-ciudadana\/#primaryimage\"},\"thumbnailUrl\":\"https:\/\/novessendes.org\/wp-content\/uploads\/2023\/06\/Banner_BAC.jpg\",\"datePublished\":\"2023-06-30T09:22:12+00:00\",\"dateModified\":\"2023-12-19T13:55:35+00:00\",\"breadcrumb\":{\"@id\":\"https:\/\/novessendes.org\/es\/participacion-ciudadana\/#breadcrumb\"},\"inLanguage\":\"es\",\"potentialAction\":[{\"@type\":\"ReadAction\",\"target\":[\"https:\/\/novessendes.org\/es\/participacion-ciudadana\/\"]}]},{\"@type\":\"ImageObject\",\"inLanguage\":\"es\",\"@id\":\"https:\/\/novessendes.org\/es\/participacion-ciudadana\/#primaryimage\",\"url\":\"https:\/\/novessendes.org\/wp-content\/uploads\/2023\/06\/Banner_BAC.jpg\",\"contentUrl\":\"https:\/\/novessendes.org\/wp-content\/uploads\/2023\/06\/Banner_BAC.jpg\"},{\"@type\":\"BreadcrumbList\",\"@id\":\"https:\/\/novessendes.org\/es\/participacion-ciudadana\/#breadcrumb\",\"itemListElement\":[{\"@type\":\"ListItem\",\"position\":1,\"name\":\"Portada\",\"item\":\"https:\/\/novessendes.org\/es\/\"},{\"@type\":\"ListItem\",\"position\":2,\"name\":\"Participaci\u00f3n ciudadana\"}]},{\"@type\":\"WebSite\",\"@id\":\"https:\/\/novessendes.org\/es\/#website\",\"url\":\"https:\/\/novessendes.org\/es\/\",\"name\":\"Novessendes\",\"description\":\"Fundaci\u00f3 c\u00edvica Novessendes per millorar el benestar i progr\u00e9s dels ciutadans\",\"publisher\":{\"@id\":\"https:\/\/novessendes.org\/es\/#organization\"},\"potentialAction\":[{\"@type\":\"SearchAction\",\"target\":{\"@type\":\"EntryPoint\",\"urlTemplate\":\"https:\/\/novessendes.org\/es\/?s={search_term_string}\"},\"query-input\":{\"@type\":\"PropertyValueSpecification\",\"valueRequired\":true,\"valueName\":\"search_term_string\"}}],\"inLanguage\":\"es\"},{\"@type\":\"Organization\",\"@id\":\"https:\/\/novessendes.org\/es\/#organization\",\"name\":\"Novessendes\",\"url\":\"https:\/\/novessendes.org\/es\/\",\"logo\":{\"@type\":\"ImageObject\",\"inLanguage\":\"es\",\"@id\":\"https:\/\/novessendes.org\/es\/#\/schema\/logo\/image\/\",\"url\":\"https:\/\/novessendes.org\/wp-content\/uploads\/2020\/09\/logo-novessendes.png\",\"contentUrl\":\"https:\/\/novessendes.org\/wp-content\/uploads\/2020\/09\/logo-novessendes.png\",\"width\":160,\"height\":80,\"caption\":\"Novessendes\"},\"image\":{\"@id\":\"https:\/\/novessendes.org\/es\/#\/schema\/logo\/image\/\"}}]}<\/script>\n<!-- \/ Yoast SEO plugin. -->","yoast_head_json":{"title":"Participaci\u00f3n ciudadana - Novessendes","robots":{"index":"index","follow":"follow","max-snippet":"max-snippet:-1","max-image-preview":"max-image-preview:large","max-video-preview":"max-video-preview:-1"},"canonical":"https:\/\/novessendes.org\/es\/participacion-ciudadana\/","og_locale":"es_ES","og_type":"article","og_title":"Participaci\u00f3n ciudadana - Novessendes","og_description":"Participaci\u00f3n ciudadana Trabajamos por la mejora de la participaci\u00f3n de los vecinos y vecinas de Betx\u00ed en asuntos comunitarios de inter\u00e9s general. Generamos, impulsamos y coordinamos iniciativas de la comunidad para la misma comunidad, fomentando la promoci\u00f3n de la democracia, la responsabilidad social y el compromiso c\u00edvico. Apoyamos a propuestas ciudadanas y asociativas para abordar [&hellip;]","og_url":"https:\/\/novessendes.org\/es\/participacion-ciudadana\/","og_site_name":"Novessendes","article_modified_time":"2023-12-19T13:55:35+00:00","og_image":[{"url":"https:\/\/novessendes.org\/wp-content\/uploads\/2023\/06\/Banner_BAC.jpg","type":"","width":"","height":""}],"twitter_card":"summary_large_image","twitter_misc":{"Tiempo de lectura":"7 minutos"},"schema":{"@context":"https:\/\/schema.org","@graph":[{"@type":"WebPage","@id":"https:\/\/novessendes.org\/es\/participacion-ciudadana\/","url":"https:\/\/novessendes.org\/es\/participacion-ciudadana\/","name":"Participaci\u00f3n ciudadana - Novessendes","isPartOf":{"@id":"https:\/\/novessendes.org\/es\/#website"},"primaryImageOfPage":{"@id":"https:\/\/novessendes.org\/es\/participacion-ciudadana\/#primaryimage"},"image":{"@id":"https:\/\/novessendes.org\/es\/participacion-ciudadana\/#primaryimage"},"thumbnailUrl":"https:\/\/novessendes.org\/wp-content\/uploads\/2023\/06\/Banner_BAC.jpg","datePublished":"2023-06-30T09:22:12+00:00","dateModified":"2023-12-19T13:55:35+00:00","breadcrumb":{"@id":"https:\/\/novessendes.org\/es\/participacion-ciudadana\/#breadcrumb"},"inLanguage":"es","potentialAction":[{"@type":"ReadAction","target":["https:\/\/novessendes.org\/es\/participacion-ciudadana\/"]}]},{"@type":"ImageObject","inLanguage":"es","@id":"https:\/\/novessendes.org\/es\/participacion-ciudadana\/#primaryimage","url":"https:\/\/novessendes.org\/wp-content\/uploads\/2023\/06\/Banner_BAC.jpg","contentUrl":"https:\/\/novessendes.org\/wp-content\/uploads\/2023\/06\/Banner_BAC.jpg"},{"@type":"BreadcrumbList","@id":"https:\/\/novessendes.org\/es\/participacion-ciudadana\/#breadcrumb","itemListElement":[{"@type":"ListItem","position":1,"name":"Portada","item":"https:\/\/novessendes.org\/es\/"},{"@type":"ListItem","position":2,"name":"Participaci\u00f3n ciudadana"}]},{"@type":"WebSite","@id":"https:\/\/novessendes.org\/es\/#website","url":"https:\/\/novessendes.org\/es\/","name":"Novessendes","description":"Fundaci\u00f3 c\u00edvica Novessendes per millorar el benestar i progr\u00e9s dels ciutadans","publisher":{"@id":"https:\/\/novessendes.org\/es\/#organization"},"potentialAction":[{"@type":"SearchAction","target":{"@type":"EntryPoint","urlTemplate":"https:\/\/novessendes.org\/es\/?s={search_term_string}"},"query-input":{"@type":"PropertyValueSpecification","valueRequired":true,"valueName":"search_term_string"}}],"inLanguage":"es"},{"@type":"Organization","@id":"https:\/\/novessendes.org\/es\/#organization","name":"Novessendes","url":"https:\/\/novessendes.org\/es\/","logo":{"@type":"ImageObject","inLanguage":"es","@id":"https:\/\/novessendes.org\/es\/#\/schema\/logo\/image\/","url":"https:\/\/novessendes.org\/wp-content\/uploads\/2020\/09\/logo-novessendes.png","contentUrl":"https:\/\/novessendes.org\/wp-content\/uploads\/2020\/09\/logo-novessendes.png","width":160,"height":80,"caption":"Novessendes"},"image":{"@id":"https:\/\/novessendes.org\/es\/#\/schema\/logo\/image\/"}}]}},"campaignId":"","_links":{"self":[{"href":"https:\/\/novessendes.org\/es\/wp-json\/wp\/v2\/pages\/14066","targetHints":{"allow":["GET"]}}],"collection":[{"href":"https:\/\/novessendes.org\/es\/wp-json\/wp\/v2\/pages"}],"about":[{"href":"https:\/\/novessendes.org\/es\/wp-json\/wp\/v2\/types\/page"}],"author":[{"embeddable":true,"href":"https:\/\/novessendes.org\/es\/wp-json\/wp\/v2\/users\/1"}],"replies":[{"embeddable":true,"href":"https:\/\/novessendes.org\/es\/wp-json\/wp\/v2\/comments?post=14066"}],"version-history":[{"count":4,"href":"https:\/\/novessendes.org\/es\/wp-json\/wp\/v2\/pages\/14066\/revisions"}],"predecessor-version":[{"id":14070,"href":"https:\/\/novessendes.org\/es\/wp-json\/wp\/v2\/pages\/14066\/revisions\/14070"}],"wp:attachment":[{"href":"https:\/\/novessendes.org\/es\/wp-json\/wp\/v2\/media?parent=14066"}],"curies":[{"name":"wp","href":"https:\/\/api.w.org\/{rel}","templated":true}]}}