{"id":470,"date":"2020-08-26T10:17:34","date_gmt":"2020-08-26T10:17:34","guid":{"rendered":"https:\/\/bighearts.wgl-demo.net\/?page_id=470"},"modified":"2020-08-26T10:17:34","modified_gmt":"2020-08-26T10:17:34","slug":"blog-listing","status":"publish","type":"page","link":"https:\/\/novessendes.org\/es\/blog-listing\/","title":{"rendered":"Blog Listing"},"content":{"rendered":"\t\t<div data-elementor-type=\"wp-page\" data-elementor-id=\"470\" class=\"elementor elementor-470\">\n\t\t\t\t\t\t\t\t\t<section class=\"elementor-section elementor-top-section elementor-element elementor-element-9c2e2af elementor-section-boxed elementor-section-height-default elementor-section-height-default\" data-id=\"9c2e2af\" data-element_type=\"section\">\n\t\t\t\t\t\t<div class=\"elementor-container elementor-column-gap-default\">\n\t\t\t\t\t<div class=\"elementor-column elementor-col-100 elementor-top-column elementor-element elementor-element-41262a4\" data-id=\"41262a4\" data-element_type=\"column\">\n\t\t\t<div class=\"elementor-widget-wrap elementor-element-populated\">\n\t\t\t\t\t\t\t\t<div class=\"elementor-element elementor-element-1313779 nav-left elementor-widget elementor-widget-wgl-blog\" data-id=\"1313779\" data-element_type=\"widget\" data-settings=\"{&quot;blog_columns&quot;:&quot;12&quot;}\" data-widget_type=\"wgl-blog.default\">\n\t\t\t\t<div class=\"elementor-widget-container\">\n\t\t\t<section class=\"wgl_cpt_section\"><div class=\"blog-posts\"><div class=\"container-grid row blog_columns-1 grid blog-style-standard\"><div class=\"wgl_col-12 item\"><div class=\"blog-post format-standard-image sticky-post\"><div class=\"blog-post_wrapper\"><div class=\"blog-post_media\"><div class=\"blog-post_media_part\"><a href=\"https:\/\/novessendes.org\/es\/empieza-el-laboratorio-de-comunes-alimentarios-visc\/\" class=\"media-link image-overlay\"><img decoding=\"async\" src=\"https:\/\/novessendes.org\/wp-content\/uploads\/2026\/04\/VISC-Lab-imagen1h-1170x725.jpg\" class=\" blog-img\" alt=\"\"><\/a><\/div><span class=\"post_categories\"><span><a href=\"https:\/\/novessendes.org\/es\/category\/activem-betxi-es\/\">Activem Betx\u00ed<\/a><\/span><span><a href=\"https:\/\/novessendes.org\/es\/category\/economia-del-bien-comun\/\">Econom\u00eda del bien com\u00fan<\/a><\/span><span><a href=\"https:\/\/novessendes.org\/es\/category\/horta-rajolar-es\/\">Horta Rajolar<\/a><\/span><span><a href=\"https:\/\/novessendes.org\/es\/category\/jovenes\/\">J\u00f3venes<\/a><\/span><span><a href=\"https:\/\/novessendes.org\/es\/category\/llaurant-un-futur-sostenible-es\/\">Llaurant un futur sostenible<\/a><\/span><span><a href=\"https:\/\/novessendes.org\/es\/category\/ods-es\/\">ODS<\/a><\/span><span><a href=\"https:\/\/novessendes.org\/es\/category\/participacion-ciutadana\/\">Participaci\u00f3n ciutadana<\/a><\/span><span><a href=\"https:\/\/novessendes.org\/es\/category\/soberania-alimentaria\/\">Soberan\u00eda Alimentaria<\/a><\/span><\/span><\/div><div class=\"blog-post_content\"><div class=\"meta-data\"><span class=\"post_date\">13 de abril de 2026<\/span><\/div><h3 class=\"blog-post_title\"><a href=\"https:\/\/novessendes.org\/es\/empieza-el-laboratorio-de-comunes-alimentarios-visc\/\">Empieza el Laboratorio de Comunes Alimentarios VISC!<\/a><\/h3><div class=\"blog-post_text\">La Fundaci\u00f3n Novessendes de la CV presenta el pr\u00f3ximo s\u00e1bado 18 de abril, uno de los laboratorios de la Red de Laboratorios Ciutadadanos de Castell\u00f3n y de la Red Ib\u00e9rica...<\/div><\/div><div class=\"blog-post_meta-wrap\"><div class=\"meta-data\"><span class=\"post_author\">By <a href=\"https:\/\/novessendes.org\/es\/author\/jaume-puchalt-lacal\/\">Jaume Puchalt Lacal<\/a><\/span><span class=\"comments_post\"><a href=\"https:\/\/novessendes.org\/es\/empieza-el-laboratorio-de-comunes-alimentarios-visc\/#respond\" title=\"Leave a reply\">0 Comments<\/a><\/span><\/div><div class=\"meta-info\"><div class=\"share_post-container\"><a href=\"#\"><\/a><div class=\"share_social-wpapper\"><ul><li><a class=\"share_post share_facebook\" target=\"_blank\" href=\"https:\/\/www.facebook.com\/share.php?u=https:\/\/novessendes.org\/es\/empieza-el-laboratorio-de-comunes-alimentarios-visc\/\"><span class=\"fab fa-facebook-f\"><\/span><\/a><\/li><li><a class=\"share_post share_pinterest\" target=\"_blank\" href=\"https:\/\/pinterest.com\/pin\/create\/button\/?url=https:\/\/novessendes.org\/es\/empieza-el-laboratorio-de-comunes-alimentarios-visc\/&#038;media=https:\/\/novessendes.org\/wp-content\/uploads\/2026\/04\/VISC-Lab-imagen1h.jpg\"><span class=\"fab fa-pinterest-p\"><\/span><\/a><\/li><\/ul><\/div><\/div><\/div><\/div><\/div><\/div><\/div><div class=\"wgl_col-12 item\"><div class=\"blog-post format-standard-image sticky-post\"><div class=\"blog-post_wrapper\"><div class=\"blog-post_media\"><div class=\"blog-post_media_part\"><a href=\"https:\/\/novessendes.org\/es\/hacemos-red-con-la-economia-social-y-solidaria\/\" class=\"media-link image-overlay\"><img decoding=\"async\" src=\"https:\/\/novessendes.org\/wp-content\/uploads\/2026\/03\/WhatsApp-Image-2026-03-09-at-14.54.15-1170x725.jpeg\" class=\" blog-img blog-img\" alt=\"\"><\/a><\/div><span class=\"post_categories\"><span><a href=\"https:\/\/novessendes.org\/es\/category\/economia-del-bien-comun\/\">Econom\u00eda del bien com\u00fan<\/a><\/span><\/span><\/div><div class=\"blog-post_content\"><div class=\"meta-data\"><span class=\"post_date\">9 de marzo de 2026<\/span><\/div><h3 class=\"blog-post_title\"><a href=\"https:\/\/novessendes.org\/es\/hacemos-red-con-la-economia-social-y-solidaria\/\">Hacemos red con la econom\u00eda social y solidaria<\/a><\/h3><div class=\"blog-post_text\">El pasado viernes 27 de febrero, el equipo t\u00e9cnico de la Fundaci\u00f3n Novessendes particip\u00f3 en el encuentro de trabajo organizada por la XEAS Pa\u00eds Valenciano, celebrada en...<\/div><\/div><div class=\"blog-post_meta-wrap\"><div class=\"meta-data\"><span class=\"post_author\">By <a href=\"https:\/\/novessendes.org\/es\/author\/admin-novessendes\/\">Admin Novessendes<\/a><\/span><span class=\"comments_post\"><a href=\"https:\/\/novessendes.org\/es\/hacemos-red-con-la-economia-social-y-solidaria\/#respond\" title=\"Leave a reply\">0 Comments<\/a><\/span><\/div><div class=\"meta-info\"><div class=\"share_post-container\"><a href=\"#\"><\/a><div class=\"share_social-wpapper\"><ul><li><a class=\"share_post share_facebook\" target=\"_blank\" href=\"https:\/\/www.facebook.com\/share.php?u=https:\/\/novessendes.org\/es\/hacemos-red-con-la-economia-social-y-solidaria\/\"><span class=\"fab fa-facebook-f\"><\/span><\/a><\/li><li><a class=\"share_post share_pinterest\" target=\"_blank\" href=\"https:\/\/pinterest.com\/pin\/create\/button\/?url=https:\/\/novessendes.org\/es\/hacemos-red-con-la-economia-social-y-solidaria\/&#038;media=https:\/\/novessendes.org\/wp-content\/uploads\/2026\/03\/WhatsApp-Image-2026-03-09-at-14.54.15.jpeg\"><span class=\"fab fa-pinterest-p\"><\/span><\/a><\/li><\/ul><\/div><\/div><\/div><\/div><\/div><\/div><\/div><div class=\"wgl_col-12 item\"><div class=\"blog-post format-standard-image sticky-post\"><div class=\"blog-post_wrapper\"><div class=\"blog-post_media\"><div class=\"blog-post_media_part\"><a href=\"https:\/\/novessendes.org\/es\/finaliza-el-proyecto-educacion-internacional-para-una-economia-sostenible\/\" class=\"media-link image-overlay\"><img decoding=\"async\" src=\"https:\/\/novessendes.org\/wp-content\/uploads\/2026\/03\/Erasmus-1170x725.jpeg\" class=\" blog-img blog-img blog-img\" alt=\"\"><\/a><\/div><span class=\"post_categories\"><span><a href=\"https:\/\/novessendes.org\/es\/category\/economia-del-bien-comun\/\">Econom\u00eda del bien com\u00fan<\/a><\/span><span><a href=\"https:\/\/novessendes.org\/es\/category\/educacion-en-valores\/\">Educaci\u00f3n en valores<\/a><\/span><span><a href=\"https:\/\/novessendes.org\/es\/category\/ods-es\/\">ODS<\/a><\/span><span><a href=\"https:\/\/novessendes.org\/es\/category\/xarxa-de-centres-futur-sostenible\/\">Xarxa de Centres Futur Sostenible<\/a><\/span><\/span><\/div><div class=\"blog-post_content\"><div class=\"meta-data\"><span class=\"post_date\">2 de marzo de 2026<\/span><\/div><h3 class=\"blog-post_title\"><a href=\"https:\/\/novessendes.org\/es\/finaliza-el-proyecto-educacion-internacional-para-una-economia-sostenible\/\">Finaliza el proyecto \u201cEducaci\u00f3n Internacional para una Econom\u00eda Sostenible\u201d<\/a><\/h3><div class=\"blog-post_text\">El proyecto europeo \u201cEducaci\u00f3n Internacional para una Econom\u00eda Sostenible\u201d, desarrollado por la Fundaci\u00f3n Novessendes y la Federaci\u00f3n Internacional de la Econom\u00eda del...<\/div><\/div><div class=\"blog-post_meta-wrap\"><div class=\"meta-data\"><span class=\"post_author\">By <a href=\"https:\/\/novessendes.org\/es\/author\/admin-novessendes\/\">Admin Novessendes<\/a><\/span><span class=\"comments_post\"><a href=\"https:\/\/novessendes.org\/es\/finaliza-el-proyecto-educacion-internacional-para-una-economia-sostenible\/#respond\" title=\"Leave a reply\">0 Comments<\/a><\/span><\/div><div class=\"meta-info\"><div class=\"share_post-container\"><a href=\"#\"><\/a><div class=\"share_social-wpapper\"><ul><li><a class=\"share_post share_facebook\" target=\"_blank\" href=\"https:\/\/www.facebook.com\/share.php?u=https:\/\/novessendes.org\/es\/finaliza-el-proyecto-educacion-internacional-para-una-economia-sostenible\/\"><span class=\"fab fa-facebook-f\"><\/span><\/a><\/li><li><a class=\"share_post share_pinterest\" target=\"_blank\" href=\"https:\/\/pinterest.com\/pin\/create\/button\/?url=https:\/\/novessendes.org\/es\/finaliza-el-proyecto-educacion-internacional-para-una-economia-sostenible\/&#038;media=https:\/\/novessendes.org\/wp-content\/uploads\/2026\/03\/Erasmus.jpeg\"><span class=\"fab fa-pinterest-p\"><\/span><\/a><\/li><\/ul><\/div><\/div><\/div><\/div><\/div><\/div><\/div><div class=\"wgl_col-12 item\"><div class=\"blog-post format-standard-image sticky-post\"><div class=\"blog-post_wrapper\"><div class=\"blog-post_media\"><div class=\"blog-post_media_part\"><a href=\"https:\/\/novessendes.org\/es\/tdr-auditoria-llaurant\/\" class=\"media-link image-overlay\"><img decoding=\"async\" src=\"https:\/\/novessendes.org\/wp-content\/uploads\/2024\/11\/MG_1479-1-copia-scaled-1170x725.jpg\" class=\" blog-img blog-img blog-img blog-img\" alt=\"\"><\/a><\/div><span class=\"post_categories\"><span><a href=\"https:\/\/novessendes.org\/es\/category\/llaurant-un-futur-sostenible-es\/\">Llaurant un futur sostenible<\/a><\/span><\/span><\/div><div class=\"blog-post_content\"><div class=\"meta-data\"><span class=\"post_date\">2 de febrero de 2026<\/span><\/div><h3 class=\"blog-post_title\"><a href=\"https:\/\/novessendes.org\/es\/tdr-auditoria-llaurant\/\">TDR Auditoria Llaurant<\/a><\/h3><div class=\"blog-post_text\">Se abre la convocatoria para la elaboraci\u00f3n del informe de Auditor\u00eda seg\u00fan los siguientes t\u00e9rminos de referencia (TdR):\n\n\nTdR Auditoria SOLEPD\/2023\/0026\n\n\nIDENTIFICACI\u00d3N...<\/div><\/div><div class=\"blog-post_meta-wrap\"><div class=\"meta-data\"><span class=\"post_author\">By <a href=\"https:\/\/novessendes.org\/es\/author\/admin-novessendes\/\">Admin Novessendes<\/a><\/span><span class=\"comments_post\"><a href=\"https:\/\/novessendes.org\/es\/tdr-auditoria-llaurant\/#respond\" title=\"Leave a reply\">0 Comments<\/a><\/span><\/div><div class=\"meta-info\"><div class=\"share_post-container\"><a href=\"#\"><\/a><div class=\"share_social-wpapper\"><ul><li><a class=\"share_post share_facebook\" target=\"_blank\" href=\"https:\/\/www.facebook.com\/share.php?u=https:\/\/novessendes.org\/es\/tdr-auditoria-llaurant\/\"><span class=\"fab fa-facebook-f\"><\/span><\/a><\/li><li><a class=\"share_post share_pinterest\" target=\"_blank\" href=\"https:\/\/pinterest.com\/pin\/create\/button\/?url=https:\/\/novessendes.org\/es\/tdr-auditoria-llaurant\/&#038;media=https:\/\/novessendes.org\/wp-content\/uploads\/2024\/11\/MG_1479-1-copia-scaled.jpg\"><span class=\"fab fa-pinterest-p\"><\/span><\/a><\/li><\/ul><\/div><\/div><\/div><\/div><\/div><\/div><\/div><div class=\"wgl_col-12 item\"><div class=\"blog-post format-standard-image sticky-post\"><div class=\"blog-post_wrapper\"><div class=\"blog-post_media\"><div class=\"blog-post_media_part\"><a href=\"https:\/\/novessendes.org\/es\/taller-agricultura-regenerativa\/\" class=\"media-link image-overlay\"><img decoding=\"async\" src=\"https:\/\/novessendes.org\/wp-content\/uploads\/2025\/02\/JV_hortaRejolar_024-1170x725.jpg\" class=\" blog-img blog-img blog-img blog-img blog-img\" alt=\"\"><\/a><\/div><span class=\"post_categories\"><span><a href=\"https:\/\/novessendes.org\/es\/category\/centre-civic\/\">Centre C\u00edvic<\/a><\/span><\/span><\/div><div class=\"blog-post_content\"><div class=\"meta-data\"><span class=\"post_date\">22 de enero de 2026<\/span><\/div><h3 class=\"blog-post_title\"><a href=\"https:\/\/novessendes.org\/es\/taller-agricultura-regenerativa\/\">Taller Agricultura Regenerativa<\/a><\/h3><div class=\"blog-post_text\">Jairo Restrepo y Jes\u00fas \u00c1ngel Eslava, referentes en procesos biol\u00f3gicos del suelo, con una larga trayectoria de trabajo real de campo y asesoramiento directo a...<\/div><\/div><div class=\"blog-post_meta-wrap\"><div class=\"meta-data\"><span class=\"post_author\">By <a href=\"https:\/\/novessendes.org\/es\/author\/admin-novessendes\/\">Admin Novessendes<\/a><\/span><span class=\"comments_post\"><a href=\"https:\/\/novessendes.org\/es\/taller-agricultura-regenerativa\/#respond\" title=\"Leave a reply\">0 Comments<\/a><\/span><\/div><div class=\"meta-info\"><div class=\"share_post-container\"><a href=\"#\"><\/a><div class=\"share_social-wpapper\"><ul><li><a class=\"share_post share_facebook\" target=\"_blank\" href=\"https:\/\/www.facebook.com\/share.php?u=https:\/\/novessendes.org\/es\/taller-agricultura-regenerativa\/\"><span class=\"fab fa-facebook-f\"><\/span><\/a><\/li><li><a class=\"share_post share_pinterest\" target=\"_blank\" href=\"https:\/\/pinterest.com\/pin\/create\/button\/?url=https:\/\/novessendes.org\/es\/taller-agricultura-regenerativa\/&#038;media=https:\/\/novessendes.org\/wp-content\/uploads\/2025\/02\/JV_hortaRejolar_024.jpg\"><span class=\"fab fa-pinterest-p\"><\/span><\/a><\/li><\/ul><\/div><\/div><\/div><\/div><\/div><\/div><\/div><div class=\"wgl_col-12 item\"><div class=\"blog-post format-standard-image sticky-post\"><div class=\"blog-post_wrapper\"><div class=\"blog-post_media\"><div class=\"blog-post_media_part\"><a href=\"https:\/\/novessendes.org\/es\/25-docentes-de-la-red-de-centros-educativos-futuro-sostenible-reunidos-en-caudiel-para-fortalecer-la-educacion-transformadora-por-el-bien-comun\/\" class=\"media-link image-overlay\"><img decoding=\"async\" src=\"https:\/\/novessendes.org\/wp-content\/uploads\/2025\/11\/WhatsApp-Image-2025-11-15-at-15.55.09-1170x725.jpeg\" class=\" blog-img blog-img blog-img blog-img blog-img blog-img\" alt=\"\"><\/a><\/div><span class=\"post_categories\"><span><a href=\"https:\/\/novessendes.org\/es\/category\/economia-del-bien-comun\/\">Econom\u00eda del bien com\u00fan<\/a><\/span><span><a href=\"https:\/\/novessendes.org\/es\/category\/xarxa-de-centres-futur-sostenible\/\">Xarxa de Centres Futur Sostenible<\/a><\/span><\/span><\/div><div class=\"blog-post_content\"><div class=\"meta-data\"><span class=\"post_date\">25 de noviembre de 2025<\/span><\/div><h3 class=\"blog-post_title\"><a href=\"https:\/\/novessendes.org\/es\/25-docentes-de-la-red-de-centros-educativos-futuro-sostenible-reunidos-en-caudiel-para-fortalecer-la-educacion-transformadora-por-el-bien-comun\/\">25 docentes de la Red de Centros Educativos Futuro Sostenible reunidos en Caudiel para fortalecer la educaci\u00f3n transformadora por el Bien Com\u00fan<\/a><\/h3><div class=\"blog-post_text\">Mira todas las fotos del encuentro de educaci\u00f3n transformadora en torno a la Econom\u00eda del Bien Com\u00fan \ud83d\udcf8Mira totes les fotos de la trobada d&#8217;educaci\u00f3 transformadora...<\/div><\/div><div class=\"blog-post_meta-wrap\"><div class=\"meta-data\"><span class=\"post_author\">By <a href=\"https:\/\/novessendes.org\/es\/author\/admin-novessendes\/\">Admin Novessendes<\/a><\/span><span class=\"comments_post\"><a href=\"https:\/\/novessendes.org\/es\/25-docentes-de-la-red-de-centros-educativos-futuro-sostenible-reunidos-en-caudiel-para-fortalecer-la-educacion-transformadora-por-el-bien-comun\/#respond\" title=\"Leave a reply\">0 Comments<\/a><\/span><\/div><div class=\"meta-info\"><div class=\"share_post-container\"><a href=\"#\"><\/a><div class=\"share_social-wpapper\"><ul><li><a class=\"share_post share_facebook\" target=\"_blank\" href=\"https:\/\/www.facebook.com\/share.php?u=https:\/\/novessendes.org\/es\/25-docentes-de-la-red-de-centros-educativos-futuro-sostenible-reunidos-en-caudiel-para-fortalecer-la-educacion-transformadora-por-el-bien-comun\/\"><span class=\"fab fa-facebook-f\"><\/span><\/a><\/li><li><a class=\"share_post share_pinterest\" target=\"_blank\" href=\"https:\/\/pinterest.com\/pin\/create\/button\/?url=https:\/\/novessendes.org\/es\/25-docentes-de-la-red-de-centros-educativos-futuro-sostenible-reunidos-en-caudiel-para-fortalecer-la-educacion-transformadora-por-el-bien-comun\/&#038;media=https:\/\/novessendes.org\/wp-content\/uploads\/2025\/11\/WhatsApp-Image-2025-11-15-at-15.55.09.jpeg\"><span class=\"fab fa-pinterest-p\"><\/span><\/a><\/li><\/ul><\/div><\/div><\/div><\/div><\/div><\/div><\/div><div class=\"wgl_col-12 item\"><div class=\"blog-post format-standard-image sticky-post\"><div class=\"blog-post_wrapper\"><div class=\"blog-post_media\"><div class=\"blog-post_media_part\"><a href=\"https:\/\/novessendes.org\/es\/novessendes-participa-al-youthfest-juventud-y-liderazgo-en-napoles\/\" class=\"media-link image-overlay\"><img decoding=\"async\" src=\"https:\/\/novessendes.org\/wp-content\/uploads\/2025\/11\/WhatsApp-Image-2025-11-05-at-11.53.43-1170x725.jpeg\" class=\" blog-img blog-img blog-img blog-img blog-img blog-img blog-img\" alt=\"\"><\/a><\/div><span class=\"post_categories\"><span><a href=\"https:\/\/novessendes.org\/es\/category\/sin-categorizar-es\/\">Sin categorizar<\/a><\/span><\/span><\/div><div class=\"blog-post_content\"><div class=\"meta-data\"><span class=\"post_date\">5 de noviembre de 2025<\/span><\/div><h3 class=\"blog-post_title\"><a href=\"https:\/\/novessendes.org\/es\/novessendes-participa-al-youthfest-juventud-y-liderazgo-en-napoles\/\">Novessendes participa al &#8220;YouthFest: Juventud y Liderazgo&#8221; en N\u00e1poles<\/a><\/h3><div class=\"blog-post_text\">La fuerza y la vitalidad de la juventud se sienten con intensidad en las calles de N\u00e1poles, especialmente en el distrito de Sanit\u00e0, donde la Fondazione di Comunit\u00e0 San...<\/div><\/div><div class=\"blog-post_meta-wrap\"><div class=\"meta-data\"><span class=\"post_author\">By <a href=\"https:\/\/novessendes.org\/es\/author\/admin-novessendes\/\">Admin Novessendes<\/a><\/span><span class=\"comments_post\"><a href=\"https:\/\/novessendes.org\/es\/novessendes-participa-al-youthfest-juventud-y-liderazgo-en-napoles\/#respond\" title=\"Leave a reply\">0 Comments<\/a><\/span><\/div><div class=\"meta-info\"><div class=\"share_post-container\"><a href=\"#\"><\/a><div class=\"share_social-wpapper\"><ul><li><a class=\"share_post share_facebook\" target=\"_blank\" href=\"https:\/\/www.facebook.com\/share.php?u=https:\/\/novessendes.org\/es\/novessendes-participa-al-youthfest-juventud-y-liderazgo-en-napoles\/\"><span class=\"fab fa-facebook-f\"><\/span><\/a><\/li><li><a class=\"share_post share_pinterest\" target=\"_blank\" href=\"https:\/\/pinterest.com\/pin\/create\/button\/?url=https:\/\/novessendes.org\/es\/novessendes-participa-al-youthfest-juventud-y-liderazgo-en-napoles\/&#038;media=https:\/\/novessendes.org\/wp-content\/uploads\/2025\/11\/WhatsApp-Image-2025-11-05-at-11.53.43.jpeg\"><span class=\"fab fa-pinterest-p\"><\/span><\/a><\/li><\/ul><\/div><\/div><\/div><\/div><\/div><\/div><\/div><div class=\"wgl_col-12 item\"><div class=\"blog-post format-standard-image sticky-post\"><div class=\"blog-post_wrapper\"><div class=\"blog-post_media\"><div class=\"blog-post_media_part\"><a href=\"https:\/\/novessendes.org\/es\/iii-jornadas-internacionales-agroecologia-y-mujer\/\" class=\"media-link image-overlay\"><img decoding=\"async\" src=\"https:\/\/novessendes.org\/wp-content\/uploads\/2025\/08\/III_Jornada-dona_20253-scaled-1170x725.jpg\" class=\" blog-img blog-img blog-img blog-img blog-img blog-img blog-img blog-img\" alt=\"\"><\/a><\/div><span class=\"post_categories\"><span><a href=\"https:\/\/novessendes.org\/es\/category\/llaurant-un-futur-sostenible-es\/\">Llaurant un futur sostenible<\/a><\/span><span><a href=\"https:\/\/novessendes.org\/es\/category\/ods-es\/\">ODS<\/a><\/span><span><a href=\"https:\/\/novessendes.org\/es\/category\/soberania-alimentaria\/\">Soberan\u00eda Alimentaria<\/a><\/span><\/span><\/div><div class=\"blog-post_content\"><div class=\"meta-data\"><span class=\"post_date\">18 de agosto de 2025<\/span><\/div><h3 class=\"blog-post_title\"><a href=\"https:\/\/novessendes.org\/es\/iii-jornadas-internacionales-agroecologia-y-mujer\/\">III Jornada Internacional Agroecolog\u00eda y Mujer<\/a><\/h3><div class=\"blog-post_text\">El pr\u00f3ximo 24 de octubre celebraremos las \u00ab\n  III Jornadas Internacionales Agroecolog\u00eda y Mujer\n\u00ab, en Betx\u00ed. Un espacio de reflexi\u00f3n y de intercambio de iniciativas...<\/div><\/div><div class=\"blog-post_meta-wrap\"><div class=\"meta-data\"><span class=\"post_author\">By <a href=\"https:\/\/novessendes.org\/es\/author\/admin-novessendes\/\">Admin Novessendes<\/a><\/span><span class=\"comments_post\"><a href=\"https:\/\/novessendes.org\/es\/iii-jornadas-internacionales-agroecologia-y-mujer\/#respond\" title=\"Leave a reply\">0 Comments<\/a><\/span><\/div><div class=\"meta-info\"><div class=\"share_post-container\"><a href=\"#\"><\/a><div class=\"share_social-wpapper\"><ul><li><a class=\"share_post share_facebook\" target=\"_blank\" href=\"https:\/\/www.facebook.com\/share.php?u=https:\/\/novessendes.org\/es\/iii-jornadas-internacionales-agroecologia-y-mujer\/\"><span class=\"fab fa-facebook-f\"><\/span><\/a><\/li><li><a class=\"share_post share_pinterest\" target=\"_blank\" href=\"https:\/\/pinterest.com\/pin\/create\/button\/?url=https:\/\/novessendes.org\/es\/iii-jornadas-internacionales-agroecologia-y-mujer\/&#038;media=https:\/\/novessendes.org\/wp-content\/uploads\/2025\/08\/III_Jornada-dona_20253-scaled.jpg\"><span class=\"fab fa-pinterest-p\"><\/span><\/a><\/li><\/ul><\/div><\/div><\/div><\/div><\/div><\/div><\/div><div class=\"wgl_col-12 item\"><div class=\"blog-post format-standard-image sticky-post\"><div class=\"blog-post_wrapper\"><div class=\"blog-post_media\"><div class=\"blog-post_media_part\"><a href=\"https:\/\/novessendes.org\/es\/jornada-de-puertas-abiertas-y-10-aniversario-de-horta-del-rajolar\/\" class=\"media-link image-overlay\"><img decoding=\"async\" src=\"https:\/\/novessendes.org\/wp-content\/uploads\/2025\/05\/20250514-cartell-portes-obertes-scaled-1170x725.png\" class=\" blog-img blog-img blog-img blog-img blog-img blog-img blog-img blog-img blog-img\" alt=\"\"><\/a><\/div><span class=\"post_categories\"><span><a href=\"https:\/\/novessendes.org\/es\/category\/espacio-test-agrario-horta-del-rajolar\/\">Espacio Test Agrario Horta del Rajolar<\/a><\/span><span><a href=\"https:\/\/novessendes.org\/es\/category\/horta-rajolar-es\/\">Horta Rajolar<\/a><\/span><span><a href=\"https:\/\/novessendes.org\/es\/category\/soberania-alimentaria\/\">Soberan\u00eda Alimentaria<\/a><\/span><\/span><\/div><div class=\"blog-post_content\"><div class=\"meta-data\"><span class=\"post_date\">21 de mayo de 2025<\/span><\/div><h3 class=\"blog-post_title\"><a href=\"https:\/\/novessendes.org\/es\/jornada-de-puertas-abiertas-y-10-aniversario-de-horta-del-rajolar\/\">Jornada de Puertas Abiertas y 10 aniversario de Horta del Rajolar<\/a><\/h3><div class=\"blog-post_text\">Estamos de celebraci\u00f3n, es el d\u00e9cimo cumplea\u00f1os de l&#8217;Horta del Rajolar!\n\nYa hace 10 a\u00f1os, de aquella primera chispa de las 14 voluntarias que promovieron la...<\/div><\/div><div class=\"blog-post_meta-wrap\"><div class=\"meta-data\"><span class=\"post_author\">By <a href=\"https:\/\/novessendes.org\/es\/author\/admin-novessendes\/\">Admin Novessendes<\/a><\/span><span class=\"comments_post\"><a href=\"https:\/\/novessendes.org\/es\/jornada-de-puertas-abiertas-y-10-aniversario-de-horta-del-rajolar\/#respond\" title=\"Leave a reply\">0 Comments<\/a><\/span><\/div><div class=\"meta-info\"><div class=\"share_post-container\"><a href=\"#\"><\/a><div class=\"share_social-wpapper\"><ul><li><a class=\"share_post share_facebook\" target=\"_blank\" href=\"https:\/\/www.facebook.com\/share.php?u=https:\/\/novessendes.org\/es\/jornada-de-puertas-abiertas-y-10-aniversario-de-horta-del-rajolar\/\"><span class=\"fab fa-facebook-f\"><\/span><\/a><\/li><li><a class=\"share_post share_pinterest\" target=\"_blank\" href=\"https:\/\/pinterest.com\/pin\/create\/button\/?url=https:\/\/novessendes.org\/es\/jornada-de-puertas-abiertas-y-10-aniversario-de-horta-del-rajolar\/&#038;media=https:\/\/novessendes.org\/wp-content\/uploads\/2025\/05\/20250514-cartell-portes-obertes-scaled.png\"><span class=\"fab fa-pinterest-p\"><\/span><\/a><\/li><\/ul><\/div><\/div><\/div><\/div><\/div><\/div><\/div><div class=\"wgl_col-12 item\"><div class=\"blog-post format-standard-image sticky-post\"><div class=\"blog-post_wrapper\"><div class=\"blog-post_media\"><div class=\"blog-post_media_part\"><a href=\"https:\/\/novessendes.org\/es\/medio-centenar-de-docentes-valencianos-se-reunen-para-reivindicar-una-educacion-para-el-bien-comun\/\" class=\"media-link image-overlay\"><img decoding=\"async\" src=\"https:\/\/novessendes.org\/wp-content\/uploads\/2025\/04\/1744701652892-1170x725.jpg\" class=\" blog-img blog-img blog-img blog-img blog-img blog-img blog-img blog-img blog-img blog-img\" alt=\"\"><\/a><\/div><span class=\"post_categories\"><span><a href=\"https:\/\/novessendes.org\/es\/category\/sin-categorizar-es\/\">Sin categorizar<\/a><\/span><\/span><\/div><div class=\"blog-post_content\"><div class=\"meta-data\"><span class=\"post_date\">29 de abril de 2025<\/span><\/div><h3 class=\"blog-post_title\"><a href=\"https:\/\/novessendes.org\/es\/medio-centenar-de-docentes-valencianos-se-reunen-para-reivindicar-una-educacion-para-el-bien-comun\/\">Medio centenar de docentes valencianos se re\u00fanen para reivindicar una educaci\u00f3n para el bien com\u00fan<\/a><\/h3><div class=\"blog-post_text\">Profesorado de FP, Bachillerato y ESO y entidades sociales buscan cambiar el enfoque \u201cpuramente economicista\u201d en las aulas, para crear una \u201csociedad mejor\u201d.\n\nEl s\u00e1bado...<\/div><\/div><div class=\"blog-post_meta-wrap\"><div class=\"meta-data\"><span class=\"post_author\">By <a href=\"https:\/\/novessendes.org\/es\/author\/admin-novessendes\/\">Admin Novessendes<\/a><\/span><span class=\"comments_post\"><a href=\"https:\/\/novessendes.org\/es\/medio-centenar-de-docentes-valencianos-se-reunen-para-reivindicar-una-educacion-para-el-bien-comun\/#respond\" title=\"Leave a reply\">0 Comments<\/a><\/span><\/div><div class=\"meta-info\"><div class=\"share_post-container\"><a href=\"#\"><\/a><div class=\"share_social-wpapper\"><ul><li><a class=\"share_post share_facebook\" target=\"_blank\" href=\"https:\/\/www.facebook.com\/share.php?u=https:\/\/novessendes.org\/es\/medio-centenar-de-docentes-valencianos-se-reunen-para-reivindicar-una-educacion-para-el-bien-comun\/\"><span class=\"fab fa-facebook-f\"><\/span><\/a><\/li><li><a class=\"share_post share_pinterest\" target=\"_blank\" href=\"https:\/\/pinterest.com\/pin\/create\/button\/?url=https:\/\/novessendes.org\/es\/medio-centenar-de-docentes-valencianos-se-reunen-para-reivindicar-una-educacion-para-el-bien-comun\/&#038;media=https:\/\/novessendes.org\/wp-content\/uploads\/2025\/04\/1744701652892.jpg\"><span class=\"fab fa-pinterest-p\"><\/span><\/a><\/li><\/ul><\/div><\/div><\/div><\/div><\/div><\/div><\/div><div class=\"wgl_col-12 item\"><div class=\"blog-post format-standard-image sticky-post\"><div class=\"blog-post_wrapper\"><div class=\"blog-post_media\"><div class=\"blog-post_media_part\"><a href=\"https:\/\/novessendes.org\/es\/formacion-del-voluntariado-bioingenieria\/\" class=\"media-link image-overlay\"><img decoding=\"async\" src=\"https:\/\/novessendes.org\/wp-content\/uploads\/2025\/02\/IMG_7590-scaled-e1739376490248-1170x725.jpg\" class=\" blog-img blog-img blog-img blog-img blog-img blog-img blog-img blog-img blog-img blog-img blog-img\" alt=\"\"><\/a><\/div><span class=\"post_categories\"><span><a href=\"https:\/\/novessendes.org\/es\/category\/centre-civic\/\">Centre C\u00edvic<\/a><\/span><span><a href=\"https:\/\/novessendes.org\/es\/category\/horta-rajolar-es\/\">Horta Rajolar<\/a><\/span><span><a href=\"https:\/\/novessendes.org\/es\/category\/participacion-ciutadana\/\">Participaci\u00f3n ciutadana<\/a><\/span><span><a href=\"https:\/\/novessendes.org\/es\/category\/voluntariado\/\">Voluntariado<\/a><\/span><\/span><\/div><div class=\"blog-post_content\"><div class=\"meta-data\"><span class=\"post_date\">12 de febrero de 2025<\/span><\/div><h3 class=\"blog-post_title\"><a href=\"https:\/\/novessendes.org\/es\/formacion-del-voluntariado-bioingenieria\/\">Formaci\u00f3n del voluntariado: bioingenieria<\/a><\/h3><div class=\"blog-post_text\">Dentro del programa del plan de voluntariado y de la conmemoraci\u00f3n del d\u00e9cimo aniversario de l&#8217;Horta del Rajolar, a lo largo de este 2025 se celebrar\u00e1n varias...<\/div><\/div><div class=\"blog-post_meta-wrap\"><div class=\"meta-data\"><span class=\"post_author\">By <a href=\"https:\/\/novessendes.org\/es\/author\/jaume-puchalt-lacal\/\">Jaume Puchalt Lacal<\/a><\/span><span class=\"comments_post\"><a href=\"https:\/\/novessendes.org\/es\/formacion-del-voluntariado-bioingenieria\/#respond\" title=\"Leave a reply\">0 Comments<\/a><\/span><\/div><div class=\"meta-info\"><div class=\"share_post-container\"><a href=\"#\"><\/a><div class=\"share_social-wpapper\"><ul><li><a class=\"share_post share_facebook\" target=\"_blank\" href=\"https:\/\/www.facebook.com\/share.php?u=https:\/\/novessendes.org\/es\/formacion-del-voluntariado-bioingenieria\/\"><span class=\"fab fa-facebook-f\"><\/span><\/a><\/li><li><a class=\"share_post share_pinterest\" target=\"_blank\" href=\"https:\/\/pinterest.com\/pin\/create\/button\/?url=https:\/\/novessendes.org\/es\/formacion-del-voluntariado-bioingenieria\/&#038;media=https:\/\/novessendes.org\/wp-content\/uploads\/2025\/02\/IMG_7590-scaled-e1739376490248.jpg\"><span class=\"fab fa-pinterest-p\"><\/span><\/a><\/li><\/ul><\/div><\/div><\/div><\/div><\/div><\/div><\/div><div class=\"wgl_col-12 item\"><div class=\"blog-post format-standard-image sticky-post\"><div class=\"blog-post_wrapper\"><div class=\"blog-post_media\"><div class=\"blog-post_media_part\"><a href=\"https:\/\/novessendes.org\/es\/formacion-y-taller-practico-en-bioingenieria\/\" class=\"media-link image-overlay\"><img decoding=\"async\" src=\"https:\/\/novessendes.org\/wp-content\/uploads\/2025\/01\/nbs-portada-1170x725.jpeg\" class=\" blog-img blog-img blog-img blog-img blog-img blog-img blog-img blog-img blog-img blog-img blog-img blog-img\" alt=\"\"><\/a><\/div><span class=\"post_categories\"><span><a href=\"https:\/\/novessendes.org\/es\/category\/centre-civic\/\">Centre C\u00edvic<\/a><\/span><span><a href=\"https:\/\/novessendes.org\/es\/category\/espacio-test-agrario-horta-del-rajolar\/\">Espacio Test Agrario Horta del Rajolar<\/a><\/span><span><a href=\"https:\/\/novessendes.org\/es\/category\/horta-rajolar-es\/\">Horta Rajolar<\/a><\/span><span><a href=\"https:\/\/novessendes.org\/es\/category\/sin-categorizar-es\/\">Sin categorizar<\/a><\/span><span><a href=\"https:\/\/novessendes.org\/es\/category\/soberania-alimentaria\/\">Soberan\u00eda Alimentaria<\/a><\/span><span><a href=\"https:\/\/novessendes.org\/es\/category\/voluntariado\/\">Voluntariado<\/a><\/span><\/span><\/div><div class=\"blog-post_content\"><div class=\"meta-data\"><span class=\"post_date\">27 de enero de 2025<\/span><\/div><h3 class=\"blog-post_title\"><a href=\"https:\/\/novessendes.org\/es\/formacion-y-taller-practico-en-bioingenieria\/\">Formaci\u00f3n y taller pr\u00e1ctico en bioingenieria<\/a><\/h3><div class=\"blog-post_text\">La bioingenieria del paisaje se basa en la fusi\u00f3n pr\u00e1ctica de conocimientos provenientes de la ciencia de la biolog\u00eda y la misma ingenier\u00eda, y en el uso de plantas vivas...<\/div><\/div><div class=\"blog-post_meta-wrap\"><div class=\"meta-data\"><span class=\"post_author\">By <a href=\"https:\/\/novessendes.org\/es\/author\/jaume-puchalt-lacal\/\">Jaume Puchalt Lacal<\/a><\/span><span class=\"comments_post\"><a href=\"https:\/\/novessendes.org\/es\/formacion-y-taller-practico-en-bioingenieria\/#respond\" title=\"Leave a reply\">0 Comments<\/a><\/span><\/div><div class=\"meta-info\"><div class=\"share_post-container\"><a href=\"#\"><\/a><div class=\"share_social-wpapper\"><ul><li><a class=\"share_post share_facebook\" target=\"_blank\" href=\"https:\/\/www.facebook.com\/share.php?u=https:\/\/novessendes.org\/es\/formacion-y-taller-practico-en-bioingenieria\/\"><span class=\"fab fa-facebook-f\"><\/span><\/a><\/li><li><a class=\"share_post share_pinterest\" target=\"_blank\" href=\"https:\/\/pinterest.com\/pin\/create\/button\/?url=https:\/\/novessendes.org\/es\/formacion-y-taller-practico-en-bioingenieria\/&#038;media=https:\/\/novessendes.org\/wp-content\/uploads\/2025\/01\/nbs-portada.jpeg\"><span class=\"fab fa-pinterest-p\"><\/span><\/a><\/li><\/ul><\/div><\/div><\/div><\/div><\/div><\/div><\/div><div class=\"wgl_col-12 item\"><div class=\"blog-post format-standard-image sticky-post\"><div class=\"blog-post_wrapper\"><div class=\"blog-post_media\"><div class=\"blog-post_media_part\"><a href=\"https:\/\/novessendes.org\/es\/inicio-del-espacio-test-agrario-horta-del-rajolar\/\" class=\"media-link image-overlay\"><img decoding=\"async\" src=\"https:\/\/novessendes.org\/wp-content\/uploads\/2024\/11\/MG_1479-1-copia-scaled-1170x725.jpg\" class=\" blog-img blog-img blog-img blog-img blog-img blog-img blog-img blog-img blog-img blog-img blog-img blog-img blog-img\" alt=\"\"><\/a><\/div><span class=\"post_categories\"><span><a href=\"https:\/\/novessendes.org\/es\/category\/emprenendedores\/\">Emprenendedores<\/a><\/span><span><a href=\"https:\/\/novessendes.org\/es\/category\/espacio-test-agrario-horta-del-rajolar\/\">Espacio Test Agrario Horta del Rajolar<\/a><\/span><span><a href=\"https:\/\/novessendes.org\/es\/category\/horta-rajolar-es\/\">Horta Rajolar<\/a><\/span><span><a href=\"https:\/\/novessendes.org\/es\/category\/llaurant-un-futur-sostenible-es\/\">Llaurant un futur sostenible<\/a><\/span><span><a href=\"https:\/\/novessendes.org\/es\/category\/soberania-alimentaria\/\">Soberan\u00eda Alimentaria<\/a><\/span><\/span><\/div><div class=\"blog-post_content\"><div class=\"meta-data\"><span class=\"post_date\">18 de noviembre de 2024<\/span><\/div><h3 class=\"blog-post_title\"><a href=\"https:\/\/novessendes.org\/es\/inicio-del-espacio-test-agrario-horta-del-rajolar\/\">Inicio del Espacio Test Agrario Horta del Rajolar<\/a><\/h3><div class=\"blog-post_text\">L\u2019Horta del Rajolar, es ya un espacio comunitario de referencia en la producci\u00f3n agroecol\u00f3gica en la provincia de Castell\u00f3n. En las fincas en custodia que sirven a la...<\/div><\/div><div class=\"blog-post_meta-wrap\"><div class=\"meta-data\"><span class=\"post_author\">By <a href=\"https:\/\/novessendes.org\/es\/author\/jaume-puchalt-lacal\/\">Jaume Puchalt Lacal<\/a><\/span><span class=\"comments_post\"><a href=\"https:\/\/novessendes.org\/es\/inicio-del-espacio-test-agrario-horta-del-rajolar\/#respond\" title=\"Leave a reply\">0 Comments<\/a><\/span><\/div><div class=\"meta-info\"><div class=\"share_post-container\"><a href=\"#\"><\/a><div class=\"share_social-wpapper\"><ul><li><a class=\"share_post share_facebook\" target=\"_blank\" href=\"https:\/\/www.facebook.com\/share.php?u=https:\/\/novessendes.org\/es\/inicio-del-espacio-test-agrario-horta-del-rajolar\/\"><span class=\"fab fa-facebook-f\"><\/span><\/a><\/li><li><a class=\"share_post share_pinterest\" target=\"_blank\" href=\"https:\/\/pinterest.com\/pin\/create\/button\/?url=https:\/\/novessendes.org\/es\/inicio-del-espacio-test-agrario-horta-del-rajolar\/&#038;media=https:\/\/novessendes.org\/wp-content\/uploads\/2024\/11\/MG_1479-1-copia-scaled.jpg\"><span class=\"fab fa-pinterest-p\"><\/span><\/a><\/li><\/ul><\/div><\/div><\/div><\/div><\/div><\/div><\/div><div class=\"wgl_col-12 item\"><div class=\"blog-post format-standard-image sticky-post\"><div class=\"blog-post_wrapper\"><div class=\"blog-post_media\"><div class=\"blog-post_media_part\"><a href=\"https:\/\/novessendes.org\/es\/entrega-de-los-ii-premios-llaurant-diputacio-de-castello\/\" class=\"media-link image-overlay\"><img decoding=\"async\" src=\"https:\/\/novessendes.org\/wp-content\/uploads\/2024\/10\/WhatsApp-Image-2024-09-25-at-11.46.49-6-1170x725.jpeg\" class=\" blog-img blog-img blog-img blog-img blog-img blog-img blog-img blog-img blog-img blog-img blog-img blog-img blog-img blog-img\" alt=\"\"><\/a><\/div><span class=\"post_categories\"><span><a href=\"https:\/\/novessendes.org\/es\/category\/emprenendedores\/\">Emprenendedores<\/a><\/span><span><a href=\"https:\/\/novessendes.org\/es\/category\/horta-rajolar-es\/\">Horta Rajolar<\/a><\/span><span><a href=\"https:\/\/novessendes.org\/es\/category\/llaurant-un-futur-sostenible-es\/\">Llaurant un futur sostenible<\/a><\/span><span><a href=\"https:\/\/novessendes.org\/es\/category\/proyectos\/\">Proyectos<\/a><\/span><\/span><\/div><div class=\"blog-post_content\"><div class=\"meta-data\"><span class=\"post_date\">8 de octubre de 2024<\/span><\/div><h3 class=\"blog-post_title\"><a href=\"https:\/\/novessendes.org\/es\/entrega-de-los-ii-premios-llaurant-diputacio-de-castello\/\">Entrega de los II Premios Llaurant Diputaci\u00f3 de Castell\u00f3<\/a><\/h3><div class=\"blog-post_text\">El pr\u00f3ximo viernes 25 de octubre a las 17.00 horas en el Palau-Castell de Betx\u00ed, se entregar\u00e1n los II Premios Llaurant Diputaci\u00f3n de Castell\u00f3. La convocatoria que ha...<\/div><\/div><div class=\"blog-post_meta-wrap\"><div class=\"meta-data\"><span class=\"post_author\">By <a href=\"https:\/\/novessendes.org\/es\/author\/jaume-puchalt-lacal\/\">Jaume Puchalt Lacal<\/a><\/span><span class=\"comments_post\"><a href=\"https:\/\/novessendes.org\/es\/entrega-de-los-ii-premios-llaurant-diputacio-de-castello\/#respond\" title=\"Leave a reply\">0 Comments<\/a><\/span><\/div><div class=\"meta-info\"><div class=\"share_post-container\"><a href=\"#\"><\/a><div class=\"share_social-wpapper\"><ul><li><a class=\"share_post share_facebook\" target=\"_blank\" href=\"https:\/\/www.facebook.com\/share.php?u=https:\/\/novessendes.org\/es\/entrega-de-los-ii-premios-llaurant-diputacio-de-castello\/\"><span class=\"fab fa-facebook-f\"><\/span><\/a><\/li><li><a class=\"share_post share_pinterest\" target=\"_blank\" href=\"https:\/\/pinterest.com\/pin\/create\/button\/?url=https:\/\/novessendes.org\/es\/entrega-de-los-ii-premios-llaurant-diputacio-de-castello\/&#038;media=https:\/\/novessendes.org\/wp-content\/uploads\/2024\/10\/WhatsApp-Image-2024-09-25-at-11.46.49-6.jpeg\"><span class=\"fab fa-pinterest-p\"><\/span><\/a><\/li><\/ul><\/div><\/div><\/div><\/div><\/div><\/div><\/div><div class=\"wgl_col-12 item\"><div class=\"blog-post format-standard-image sticky-post\"><div class=\"blog-post_wrapper\"><div class=\"blog-post_media\"><div class=\"blog-post_media_part\"><a href=\"https:\/\/novessendes.org\/es\/gestion-profesional-para-una-pyme-agro-alimentaria-de-calidad-diferencial\/\" class=\"media-link image-overlay\"><img decoding=\"async\" src=\"https:\/\/novessendes.org\/wp-content\/uploads\/2024\/09\/Folleto-curso-empresa-agro-4_page-0001-e1727347754909-1170x725.jpg\" class=\" blog-img blog-img blog-img blog-img blog-img blog-img blog-img blog-img blog-img blog-img blog-img blog-img blog-img blog-img blog-img\" alt=\"\"><\/a><\/div><span class=\"post_categories\"><span><a href=\"https:\/\/novessendes.org\/es\/category\/emprenendedores\/\">Emprenendedores<\/a><\/span><span><a href=\"https:\/\/novessendes.org\/es\/category\/horta-rajolar-es\/\">Horta Rajolar<\/a><\/span><\/span><\/div><div class=\"blog-post_content\"><div class=\"meta-data\"><span class=\"post_date\">26 de septiembre de 2024<\/span><\/div><h3 class=\"blog-post_title\"><a href=\"https:\/\/novessendes.org\/es\/gestion-profesional-para-una-pyme-agro-alimentaria-de-calidad-diferencial\/\">Gesti\u00f3n profesional para una PYME agro-alimentaria de calidad diferencial<\/a><\/h3><div class=\"blog-post_text\">La Conseller\u00eda de Agricultura, Agua, Ganader\u00eda y Pesca convoca del 14 de octubre al 4 de diciembre el primer curso Gesti\u00f3n Profesional para una PYME agro-alimentaria de...<\/div><\/div><div class=\"blog-post_meta-wrap\"><div class=\"meta-data\"><span class=\"post_author\">By <a href=\"https:\/\/novessendes.org\/es\/author\/admin-novessendes\/\">Admin Novessendes<\/a><\/span><span class=\"comments_post\"><a href=\"https:\/\/novessendes.org\/es\/gestion-profesional-para-una-pyme-agro-alimentaria-de-calidad-diferencial\/#respond\" title=\"Leave a reply\">0 Comments<\/a><\/span><\/div><div class=\"meta-info\"><div class=\"share_post-container\"><a href=\"#\"><\/a><div class=\"share_social-wpapper\"><ul><li><a class=\"share_post share_facebook\" target=\"_blank\" href=\"https:\/\/www.facebook.com\/share.php?u=https:\/\/novessendes.org\/es\/gestion-profesional-para-una-pyme-agro-alimentaria-de-calidad-diferencial\/\"><span class=\"fab fa-facebook-f\"><\/span><\/a><\/li><li><a class=\"share_post share_pinterest\" target=\"_blank\" href=\"https:\/\/pinterest.com\/pin\/create\/button\/?url=https:\/\/novessendes.org\/es\/gestion-profesional-para-una-pyme-agro-alimentaria-de-calidad-diferencial\/&#038;media=https:\/\/novessendes.org\/wp-content\/uploads\/2024\/09\/Folleto-curso-empresa-agro-4_page-0001-e1727347754909.jpg\"><span class=\"fab fa-pinterest-p\"><\/span><\/a><\/li><\/ul><\/div><\/div><\/div><\/div><\/div><\/div><\/div><div class=\"wgl_col-12 item\"><div class=\"blog-post format-standard-image sticky-post\"><div class=\"blog-post_wrapper\"><div class=\"blog-post_media\"><div class=\"blog-post_media_part\"><a href=\"https:\/\/novessendes.org\/es\/ii-jornada-agroecologia-mujer-y-derechos-humanos\/\" class=\"media-link image-overlay\"><img decoding=\"async\" src=\"https:\/\/novessendes.org\/wp-content\/uploads\/2024\/09\/1-e1727179173360-1170x725.png\" class=\" blog-img blog-img blog-img blog-img blog-img blog-img blog-img blog-img blog-img blog-img blog-img blog-img blog-img blog-img blog-img blog-img\" alt=\"\"><\/a><\/div><span class=\"post_categories\"><span><a href=\"https:\/\/novessendes.org\/es\/category\/sin-categorizar-es\/\">Sin categorizar<\/a><\/span><\/span><\/div><div class=\"blog-post_content\"><div class=\"meta-data\"><span class=\"post_date\">24 de septiembre de 2024<\/span><\/div><h3 class=\"blog-post_title\"><a href=\"https:\/\/novessendes.org\/es\/ii-jornada-agroecologia-mujer-y-derechos-humanos\/\">II Jornada Agroecolog\u00eda, Mujer y Derechos Humanos<\/a><\/h3><div class=\"blog-post_text\">Las II Jornada Agroecolog\u00eda, Mujer y Derechos Humanos tendr\u00e1n lugar a mediados de octubre generando un espacio de innovaci\u00f3n social para compartir, visibilizar e...<\/div><\/div><div class=\"blog-post_meta-wrap\"><div class=\"meta-data\"><span class=\"post_author\">By <a href=\"https:\/\/novessendes.org\/es\/author\/admin-novessendes\/\">Admin Novessendes<\/a><\/span><span class=\"comments_post\"><a href=\"https:\/\/novessendes.org\/es\/ii-jornada-agroecologia-mujer-y-derechos-humanos\/#respond\" title=\"Leave a reply\">0 Comments<\/a><\/span><\/div><div class=\"meta-info\"><div class=\"share_post-container\"><a href=\"#\"><\/a><div class=\"share_social-wpapper\"><ul><li><a class=\"share_post share_facebook\" target=\"_blank\" href=\"https:\/\/www.facebook.com\/share.php?u=https:\/\/novessendes.org\/es\/ii-jornada-agroecologia-mujer-y-derechos-humanos\/\"><span class=\"fab fa-facebook-f\"><\/span><\/a><\/li><li><a class=\"share_post share_pinterest\" target=\"_blank\" href=\"https:\/\/pinterest.com\/pin\/create\/button\/?url=https:\/\/novessendes.org\/es\/ii-jornada-agroecologia-mujer-y-derechos-humanos\/&#038;media=https:\/\/novessendes.org\/wp-content\/uploads\/2024\/09\/1-e1727179173360.png\"><span class=\"fab fa-pinterest-p\"><\/span><\/a><\/li><\/ul><\/div><\/div><\/div><\/div><\/div><\/div><\/div><div class=\"wgl_col-12 item\"><div class=\"blog-post format-standard-image sticky-post\"><div class=\"blog-post_wrapper\"><div class=\"blog-post_media\"><div class=\"blog-post_media_part\"><a href=\"https:\/\/novessendes.org\/es\/formacion-de-otono-de-la-tierra-al-mercado-alimentos-que-transforman-el-mundo\/\" class=\"media-link image-overlay\"><img decoding=\"async\" src=\"https:\/\/novessendes.org\/wp-content\/uploads\/2024\/09\/cartell-formacio-tardor-imatge-1170x725.png\" class=\" blog-img blog-img blog-img blog-img blog-img blog-img blog-img blog-img blog-img blog-img blog-img blog-img blog-img blog-img blog-img blog-img blog-img\" alt=\"\"><\/a><\/div><span class=\"post_categories\"><span><a href=\"https:\/\/novessendes.org\/es\/category\/centre-civic\/\">Centre C\u00edvic<\/a><\/span><span><a href=\"https:\/\/novessendes.org\/es\/category\/horta-rajolar-es\/\">Horta Rajolar<\/a><\/span><span><a href=\"https:\/\/novessendes.org\/es\/category\/llaurant-un-futur-sostenible-es\/\">Llaurant un futur sostenible<\/a><\/span><span><a href=\"https:\/\/novessendes.org\/es\/category\/participacion-ciutadana\/\">Participaci\u00f3n ciutadana<\/a><\/span><span><a href=\"https:\/\/novessendes.org\/es\/category\/soberania-alimentaria\/\">Soberan\u00eda Alimentaria<\/a><\/span><\/span><\/div><div class=\"blog-post_content\"><div class=\"meta-data\"><span class=\"post_date\">19 de septiembre de 2024<\/span><\/div><h3 class=\"blog-post_title\"><a href=\"https:\/\/novessendes.org\/es\/formacion-de-otono-de-la-tierra-al-mercado-alimentos-que-transforman-el-mundo\/\">Formaci\u00f3n de oto\u00f1o: de la tierra al mercado, alimentos que transforman el mundo<\/a><\/h3><div class=\"blog-post_text\">Con el apoyo del \u00e1rea de dinamizaci\u00f3n econ\u00f3mica y relaciones internacionales de la Diputaci\u00f3n de Castell\u00f3, desde la Fundaci\u00f3n C\u00edvica Novessendes queremos dar la...<\/div><\/div><div class=\"blog-post_meta-wrap\"><div class=\"meta-data\"><span class=\"post_author\">By <a href=\"https:\/\/novessendes.org\/es\/author\/admin-novessendes\/\">Admin Novessendes<\/a><\/span><span class=\"comments_post\"><a href=\"https:\/\/novessendes.org\/es\/formacion-de-otono-de-la-tierra-al-mercado-alimentos-que-transforman-el-mundo\/#respond\" title=\"Leave a reply\">0 Comments<\/a><\/span><\/div><div class=\"meta-info\"><div class=\"share_post-container\"><a href=\"#\"><\/a><div class=\"share_social-wpapper\"><ul><li><a class=\"share_post share_facebook\" target=\"_blank\" href=\"https:\/\/www.facebook.com\/share.php?u=https:\/\/novessendes.org\/es\/formacion-de-otono-de-la-tierra-al-mercado-alimentos-que-transforman-el-mundo\/\"><span class=\"fab fa-facebook-f\"><\/span><\/a><\/li><li><a class=\"share_post share_pinterest\" target=\"_blank\" href=\"https:\/\/pinterest.com\/pin\/create\/button\/?url=https:\/\/novessendes.org\/es\/formacion-de-otono-de-la-tierra-al-mercado-alimentos-que-transforman-el-mundo\/&#038;media=https:\/\/novessendes.org\/wp-content\/uploads\/2024\/09\/cartell-formacio-tardor-imatge.png\"><span class=\"fab fa-pinterest-p\"><\/span><\/a><\/li><\/ul><\/div><\/div><\/div><\/div><\/div><\/div><\/div><div class=\"wgl_col-12 item\"><div class=\"blog-post format-standard-image sticky-post\"><div class=\"blog-post_wrapper\"><div class=\"blog-post_media\"><div class=\"blog-post_media_part\"><a href=\"https:\/\/novessendes.org\/es\/novessendes-en-ghent-juventud-y-liderazgo-con-las-fundaciones-comunitarias-europeas\/\" class=\"media-link image-overlay\"><img decoding=\"async\" src=\"https:\/\/novessendes.org\/wp-content\/uploads\/2024\/09\/Group-pic-Ghent-scaled-1170x725.jpg\" class=\" blog-img blog-img blog-img blog-img blog-img blog-img blog-img blog-img blog-img blog-img blog-img blog-img blog-img blog-img blog-img blog-img blog-img blog-img\" alt=\"\"><\/a><\/div><span class=\"post_categories\"><span><a href=\"https:\/\/novessendes.org\/es\/category\/jovenes\/\">J\u00f3venes<\/a><\/span><span><a href=\"https:\/\/novessendes.org\/es\/category\/participacion-ciutadana\/\">Participaci\u00f3n ciutadana<\/a><\/span><span><a href=\"https:\/\/novessendes.org\/es\/category\/red-de-fundaciones-civicas\/\">Red de fundaciones c\u00edvicas<\/a><\/span><span><a href=\"https:\/\/novessendes.org\/es\/category\/sin-categorizar-es\/\">Sin categorizar<\/a><\/span><\/span><\/div><div class=\"blog-post_content\"><div class=\"meta-data\"><span class=\"post_date\">18 de septiembre de 2024<\/span><\/div><h3 class=\"blog-post_title\"><a href=\"https:\/\/novessendes.org\/es\/novessendes-en-ghent-juventud-y-liderazgo-con-las-fundaciones-comunitarias-europeas\/\">Novessendes en Ghent: juventud y liderazgo con las fundaciones comunitarias europeas<\/a><\/h3><div class=\"blog-post_text\">A lo largo de 2024, Ghent (B\u00e9lgica) es la capital europea de la juventud. \n\nCon este aliciente, European Community Foundations Iniciative (ECFI), con la colaboraci\u00f3n de...<\/div><\/div><div class=\"blog-post_meta-wrap\"><div class=\"meta-data\"><span class=\"post_author\">By <a href=\"https:\/\/novessendes.org\/es\/author\/admin-novessendes\/\">Admin Novessendes<\/a><\/span><span class=\"comments_post\"><a href=\"https:\/\/novessendes.org\/es\/novessendes-en-ghent-juventud-y-liderazgo-con-las-fundaciones-comunitarias-europeas\/#respond\" title=\"Leave a reply\">0 Comments<\/a><\/span><\/div><div class=\"meta-info\"><div class=\"share_post-container\"><a href=\"#\"><\/a><div class=\"share_social-wpapper\"><ul><li><a class=\"share_post share_facebook\" target=\"_blank\" href=\"https:\/\/www.facebook.com\/share.php?u=https:\/\/novessendes.org\/es\/novessendes-en-ghent-juventud-y-liderazgo-con-las-fundaciones-comunitarias-europeas\/\"><span class=\"fab fa-facebook-f\"><\/span><\/a><\/li><li><a class=\"share_post share_pinterest\" target=\"_blank\" href=\"https:\/\/pinterest.com\/pin\/create\/button\/?url=https:\/\/novessendes.org\/es\/novessendes-en-ghent-juventud-y-liderazgo-con-las-fundaciones-comunitarias-europeas\/&#038;media=https:\/\/novessendes.org\/wp-content\/uploads\/2024\/09\/Group-pic-Ghent-scaled.jpg\"><span class=\"fab fa-pinterest-p\"><\/span><\/a><\/li><\/ul><\/div><\/div><\/div><\/div><\/div><\/div><\/div><div class=\"wgl_col-12 item\"><div class=\"blog-post format-standard-image sticky-post\"><div class=\"blog-post_wrapper\"><div class=\"blog-post_media\"><div class=\"blog-post_media_part\"><a href=\"https:\/\/novessendes.org\/es\/formacion-dirigida-a-alumnado-universitario\/\" class=\"media-link image-overlay\"><img decoding=\"async\" src=\"https:\/\/novessendes.org\/wp-content\/uploads\/2024\/09\/pakosanz_DSF3775-scaled-1170x725.jpg\" class=\" blog-img blog-img blog-img blog-img blog-img blog-img blog-img blog-img blog-img blog-img blog-img blog-img blog-img blog-img blog-img blog-img blog-img blog-img blog-img\" alt=\"\"><\/a><\/div><span class=\"post_categories\"><span><a href=\"https:\/\/novessendes.org\/es\/category\/educacion-en-valores\/\">Educaci\u00f3n en valores<\/a><\/span><span><a href=\"https:\/\/novessendes.org\/es\/category\/llaurant-un-futur-sostenible-es\/\">Llaurant un futur sostenible<\/a><\/span><span><a href=\"https:\/\/novessendes.org\/es\/category\/ods-es\/\">ODS<\/a><\/span><span><a href=\"https:\/\/novessendes.org\/es\/category\/programaciones\/\">Programaciones<\/a><\/span><span><a href=\"https:\/\/novessendes.org\/es\/category\/soberania-alimentaria\/\">Soberan\u00eda Alimentaria<\/a><\/span><\/span><\/div><div class=\"blog-post_content\"><div class=\"meta-data\"><span class=\"post_date\">18 de septiembre de 2024<\/span><\/div><h3 class=\"blog-post_title\"><a href=\"https:\/\/novessendes.org\/es\/formacion-dirigida-a-alumnado-universitario\/\">Formaci\u00f3n dirigida a alumnado universitario<\/a><\/h3><div class=\"blog-post_text\">Ya est\u00e1n abiertas las inscripciones en el curso Aliments que transformen el m\u00f3n dirigido a alumnado universitario, que se llevar\u00e1 a cabo los d\u00edas 15, 21 y 29 de octubre...<\/div><\/div><div class=\"blog-post_meta-wrap\"><div class=\"meta-data\"><span class=\"post_author\">By <a href=\"https:\/\/novessendes.org\/es\/author\/admin-novessendes\/\">Admin Novessendes<\/a><\/span><span class=\"comments_post\"><a href=\"https:\/\/novessendes.org\/es\/formacion-dirigida-a-alumnado-universitario\/#respond\" title=\"Leave a reply\">0 Comments<\/a><\/span><\/div><div class=\"meta-info\"><div class=\"share_post-container\"><a href=\"#\"><\/a><div class=\"share_social-wpapper\"><ul><li><a class=\"share_post share_facebook\" target=\"_blank\" href=\"https:\/\/www.facebook.com\/share.php?u=https:\/\/novessendes.org\/es\/formacion-dirigida-a-alumnado-universitario\/\"><span class=\"fab fa-facebook-f\"><\/span><\/a><\/li><li><a class=\"share_post share_pinterest\" target=\"_blank\" href=\"https:\/\/pinterest.com\/pin\/create\/button\/?url=https:\/\/novessendes.org\/es\/formacion-dirigida-a-alumnado-universitario\/&#038;media=https:\/\/novessendes.org\/wp-content\/uploads\/2024\/09\/pakosanz_DSF3775-scaled.jpg\"><span class=\"fab fa-pinterest-p\"><\/span><\/a><\/li><\/ul><\/div><\/div><\/div><\/div><\/div><\/div><\/div><div class=\"wgl_col-12 item\"><div class=\"blog-post format-standard-image sticky-post\"><div class=\"blog-post_wrapper\"><div class=\"blog-post_media\"><div class=\"blog-post_media_part\"><a href=\"https:\/\/novessendes.org\/es\/programa-visc-voluntariado-de-intervencion-social-comunitaria\/\" class=\"media-link image-overlay\"><img decoding=\"async\" src=\"https:\/\/novessendes.org\/wp-content\/uploads\/2024\/03\/IMG_2125-1-scaled-1170x725.jpg\" class=\" blog-img blog-img blog-img blog-img blog-img blog-img blog-img blog-img blog-img blog-img blog-img blog-img blog-img blog-img blog-img blog-img blog-img blog-img blog-img blog-img\" alt=\"\"><\/a><\/div><span class=\"post_categories\"><span><a href=\"https:\/\/novessendes.org\/es\/category\/voluntariado\/\">Voluntariado<\/a><\/span><\/span><\/div><div class=\"blog-post_content\"><div class=\"meta-data\"><span class=\"post_date\">28 de agosto de 2024<\/span><\/div><h3 class=\"blog-post_title\"><a href=\"https:\/\/novessendes.org\/es\/programa-visc-voluntariado-de-intervencion-social-comunitaria\/\">Programa VISC: Voluntariado de Intervenci\u00f3n Social Comunitaria.<\/a><\/h3><div class=\"blog-post_text\">ABRIENDO CAMINOS DE PARTICIPACI\u00d3N SOCIAL COMUNITARIA. La Fundaci\u00f3n C\u00edvica Novessendes contin\u00faa haciendo una apuesta firme por el fomento del voluntariado en el municipio...<\/div><\/div><div class=\"blog-post_meta-wrap\"><div class=\"meta-data\"><span class=\"post_author\">By <a href=\"https:\/\/novessendes.org\/es\/author\/admin-novessendes\/\">Admin Novessendes<\/a><\/span><span class=\"comments_post\"><a href=\"https:\/\/novessendes.org\/es\/programa-visc-voluntariado-de-intervencion-social-comunitaria\/#respond\" title=\"Leave a reply\">0 Comments<\/a><\/span><\/div><div class=\"meta-info\"><div class=\"share_post-container\"><a href=\"#\"><\/a><div class=\"share_social-wpapper\"><ul><li><a class=\"share_post share_facebook\" target=\"_blank\" href=\"https:\/\/www.facebook.com\/share.php?u=https:\/\/novessendes.org\/es\/programa-visc-voluntariado-de-intervencion-social-comunitaria\/\"><span class=\"fab fa-facebook-f\"><\/span><\/a><\/li><li><a class=\"share_post share_pinterest\" target=\"_blank\" href=\"https:\/\/pinterest.com\/pin\/create\/button\/?url=https:\/\/novessendes.org\/es\/programa-visc-voluntariado-de-intervencion-social-comunitaria\/&#038;media=https:\/\/novessendes.org\/wp-content\/uploads\/2024\/03\/IMG_2125-1-scaled.jpg\"><span class=\"fab fa-pinterest-p\"><\/span><\/a><\/li><\/ul><\/div><\/div><\/div><\/div><\/div><\/div><\/div><div class=\"wgl_col-12 item\"><div class=\"blog-post format-standard-image sticky-post\"><div class=\"blog-post_wrapper\"><div class=\"blog-post_media\"><div class=\"blog-post_media_part\"><a href=\"https:\/\/novessendes.org\/es\/labrando-el-futuro-ancestral\/\" class=\"media-link image-overlay\"><img decoding=\"async\" src=\"https:\/\/novessendes.org\/wp-content\/uploads\/2024\/07\/IMG_4480-scaled-1170x725.jpg\" class=\" blog-img blog-img blog-img blog-img blog-img blog-img blog-img blog-img blog-img blog-img blog-img blog-img blog-img blog-img blog-img blog-img blog-img blog-img blog-img blog-img blog-img\" alt=\"\"><\/a><\/div><span class=\"post_categories\"><span><a href=\"https:\/\/novessendes.org\/es\/category\/llaurant-un-futur-sostenible-es\/\">Llaurant un futur sostenible<\/a><\/span><span><a href=\"https:\/\/novessendes.org\/es\/category\/proyectos\/\">Proyectos<\/a><\/span><\/span><\/div><div class=\"blog-post_content\"><div class=\"meta-data\"><span class=\"post_date\">26 de julio de 2024<\/span><\/div><h3 class=\"blog-post_title\"><a href=\"https:\/\/novessendes.org\/es\/labrando-el-futuro-ancestral\/\">Labrando el futuro ancestral<\/a><\/h3><div class=\"blog-post_text\">Viernes 19 de julio, celebraremos la formaci\u00f3n &#8216;Alimentos que transforman el mundo&#8217; en Xert, con la presencia de la divulgadora y generadora de pensamiento...<\/div><\/div><div class=\"blog-post_meta-wrap\"><div class=\"meta-data\"><span class=\"post_author\">By <a href=\"https:\/\/novessendes.org\/es\/author\/admin-novessendes\/\">Admin Novessendes<\/a><\/span><span class=\"comments_post\"><a href=\"https:\/\/novessendes.org\/es\/labrando-el-futuro-ancestral\/#respond\" title=\"Leave a reply\">0 Comments<\/a><\/span><\/div><div class=\"meta-info\"><div class=\"share_post-container\"><a href=\"#\"><\/a><div class=\"share_social-wpapper\"><ul><li><a class=\"share_post share_facebook\" target=\"_blank\" href=\"https:\/\/www.facebook.com\/share.php?u=https:\/\/novessendes.org\/es\/labrando-el-futuro-ancestral\/\"><span class=\"fab fa-facebook-f\"><\/span><\/a><\/li><li><a class=\"share_post share_pinterest\" target=\"_blank\" href=\"https:\/\/pinterest.com\/pin\/create\/button\/?url=https:\/\/novessendes.org\/es\/labrando-el-futuro-ancestral\/&#038;media=https:\/\/novessendes.org\/wp-content\/uploads\/2024\/07\/IMG_4480-scaled.jpg\"><span class=\"fab fa-pinterest-p\"><\/span><\/a><\/li><\/ul><\/div><\/div><\/div><\/div><\/div><\/div><\/div><div class=\"wgl_col-12 item\"><div class=\"blog-post format-standard-image sticky-post\"><div class=\"blog-post_wrapper\"><div class=\"blog-post_media\"><div class=\"blog-post_media_part\"><a href=\"https:\/\/novessendes.org\/es\/el-jurado-resuelve-los-ii-premios-llaurant-diputacio-de-castello\/\" class=\"media-link image-overlay\"><img decoding=\"async\" src=\"https:\/\/novessendes.org\/wp-content\/uploads\/2024\/05\/llancament-Espai-Test-A3-scaled-e1716376442696-1170x725.jpg\" class=\" blog-img blog-img blog-img blog-img blog-img blog-img blog-img blog-img blog-img blog-img blog-img blog-img blog-img blog-img blog-img blog-img blog-img blog-img blog-img blog-img blog-img blog-img\" alt=\"\"><\/a><\/div><span class=\"post_categories\"><span><a href=\"https:\/\/novessendes.org\/es\/category\/horta-rajolar-es\/\">Horta Rajolar<\/a><\/span><span><a href=\"https:\/\/novessendes.org\/es\/category\/llaurant-un-futur-sostenible-es\/\">Llaurant un futur sostenible<\/a><\/span><\/span><\/div><div class=\"blog-post_content\"><div class=\"meta-data\"><span class=\"post_date\">24 de julio de 2024<\/span><\/div><h3 class=\"blog-post_title\"><a href=\"https:\/\/novessendes.org\/es\/el-jurado-resuelve-los-ii-premios-llaurant-diputacio-de-castello\/\">El jurado resuelve los II Premios Llaurant-Diputaci\u00f3 de Castell\u00f3<\/a><\/h3><div class=\"blog-post_text\">El jurado de la convocatoria de los II Premios LLaurant-Diputaci\u00f3 de Castell\u00f3 a propuestas agroecol\u00f2gicas innovadoras, por la ocupaci\u00f3n y el emprendimiento en el \u00e1mbito...<\/div><\/div><div class=\"blog-post_meta-wrap\"><div class=\"meta-data\"><span class=\"post_author\">By <a href=\"https:\/\/novessendes.org\/es\/author\/jaume-puchalt-lacal\/\">Jaume Puchalt Lacal<\/a><\/span><span class=\"comments_post\"><a href=\"https:\/\/novessendes.org\/es\/el-jurado-resuelve-los-ii-premios-llaurant-diputacio-de-castello\/#respond\" title=\"Leave a reply\">0 Comments<\/a><\/span><\/div><div class=\"meta-info\"><div class=\"share_post-container\"><a href=\"#\"><\/a><div class=\"share_social-wpapper\"><ul><li><a class=\"share_post share_facebook\" target=\"_blank\" href=\"https:\/\/www.facebook.com\/share.php?u=https:\/\/novessendes.org\/es\/el-jurado-resuelve-los-ii-premios-llaurant-diputacio-de-castello\/\"><span class=\"fab fa-facebook-f\"><\/span><\/a><\/li><li><a class=\"share_post share_pinterest\" target=\"_blank\" href=\"https:\/\/pinterest.com\/pin\/create\/button\/?url=https:\/\/novessendes.org\/es\/el-jurado-resuelve-los-ii-premios-llaurant-diputacio-de-castello\/&#038;media=https:\/\/novessendes.org\/wp-content\/uploads\/2024\/05\/llancament-Espai-Test-A3-scaled-e1716376442696.jpg\"><span class=\"fab fa-pinterest-p\"><\/span><\/a><\/li><\/ul><\/div><\/div><\/div><\/div><\/div><\/div><\/div><div class=\"wgl_col-12 item\"><div class=\"blog-post format-standard-image sticky-post\"><div class=\"blog-post_wrapper\"><div class=\"blog-post_media\"><div class=\"blog-post_media_part\"><a href=\"https:\/\/novessendes.org\/es\/ciclo-formativo-alimentos-que-transforman-el-mundo\/\" class=\"media-link image-overlay\"><img decoding=\"async\" src=\"https:\/\/novessendes.org\/wp-content\/uploads\/2024\/07\/C0100T01-1170x725.jpg\" class=\" blog-img blog-img blog-img blog-img blog-img blog-img blog-img blog-img blog-img blog-img blog-img blog-img blog-img blog-img blog-img blog-img blog-img blog-img blog-img blog-img blog-img blog-img blog-img\" alt=\"\"><\/a><\/div><span class=\"post_categories\"><span><a href=\"https:\/\/novessendes.org\/es\/category\/llaurant-un-futur-sostenible-es\/\">Llaurant un futur sostenible<\/a><\/span><span><a href=\"https:\/\/novessendes.org\/es\/category\/ods-es\/\">ODS<\/a><\/span><span><a href=\"https:\/\/novessendes.org\/es\/category\/programaciones\/\">Programaciones<\/a><\/span><span><a href=\"https:\/\/novessendes.org\/es\/category\/proyectos\/\">Proyectos<\/a><\/span><\/span><\/div><div class=\"blog-post_content\"><div class=\"meta-data\"><span class=\"post_date\">2 de julio de 2024<\/span><\/div><h3 class=\"blog-post_title\"><a href=\"https:\/\/novessendes.org\/es\/ciclo-formativo-alimentos-que-transforman-el-mundo\/\">Ciclo formativo: Alimentos que transforman el mundo<\/a><\/h3><div class=\"blog-post_text\">El viernes 19 de julio llevaremos a cabo la primera sesi\u00f3n del ciclo formativo Alimentos que transforman el mundo, dirigido a personas profesionales del sector agrario...<\/div><\/div><div class=\"blog-post_meta-wrap\"><div class=\"meta-data\"><span class=\"post_author\">By <a href=\"https:\/\/novessendes.org\/es\/author\/admin-novessendes\/\">Admin Novessendes<\/a><\/span><span class=\"comments_post\"><a href=\"https:\/\/novessendes.org\/es\/ciclo-formativo-alimentos-que-transforman-el-mundo\/#respond\" title=\"Leave a reply\">0 Comments<\/a><\/span><\/div><div class=\"meta-info\"><div class=\"share_post-container\"><a href=\"#\"><\/a><div class=\"share_social-wpapper\"><ul><li><a class=\"share_post share_facebook\" target=\"_blank\" href=\"https:\/\/www.facebook.com\/share.php?u=https:\/\/novessendes.org\/es\/ciclo-formativo-alimentos-que-transforman-el-mundo\/\"><span class=\"fab fa-facebook-f\"><\/span><\/a><\/li><li><a class=\"share_post share_pinterest\" target=\"_blank\" href=\"https:\/\/pinterest.com\/pin\/create\/button\/?url=https:\/\/novessendes.org\/es\/ciclo-formativo-alimentos-que-transforman-el-mundo\/&#038;media=https:\/\/novessendes.org\/wp-content\/uploads\/2024\/07\/C0100T01.jpg\"><span class=\"fab fa-pinterest-p\"><\/span><\/a><\/li><\/ul><\/div><\/div><\/div><\/div><\/div><\/div><\/div><div class=\"wgl_col-12 item\"><div class=\"blog-post format-standard-image sticky-post\"><div class=\"blog-post_wrapper\"><div class=\"blog-post_media\"><div class=\"blog-post_media_part\"><a href=\"https:\/\/novessendes.org\/es\/se-convocan-los-ii-premios-llaurant-diputacion-de-castellon\/\" class=\"media-link image-overlay\"><img decoding=\"async\" src=\"https:\/\/novessendes.org\/wp-content\/uploads\/2024\/05\/llancament-Espai-Test-A3-scaled-e1716376442696-1170x725.jpg\" class=\" blog-img blog-img blog-img blog-img blog-img blog-img blog-img blog-img blog-img blog-img blog-img blog-img blog-img blog-img blog-img blog-img blog-img blog-img blog-img blog-img blog-img blog-img blog-img blog-img\" alt=\"\"><\/a><\/div><span class=\"post_categories\"><span><a href=\"https:\/\/novessendes.org\/es\/category\/horta-rajolar-es\/\">Horta Rajolar<\/a><\/span><span><a href=\"https:\/\/novessendes.org\/es\/category\/llaurant-un-futur-sostenible-es\/\">Llaurant un futur sostenible<\/a><\/span><span><a href=\"https:\/\/novessendes.org\/es\/category\/proyectos\/\">Proyectos<\/a><\/span><\/span><\/div><div class=\"blog-post_content\"><div class=\"meta-data\"><span class=\"post_date\">22 de mayo de 2024<\/span><\/div><h3 class=\"blog-post_title\"><a href=\"https:\/\/novessendes.org\/es\/se-convocan-los-ii-premios-llaurant-diputacion-de-castellon\/\">Se convocan los II Premios Llaurant-Diputaci\u00f3n de Castell\u00f3n<\/a><\/h3><div class=\"blog-post_text\">Desde la Diputaci\u00f3n de Castell\u00f3n y la Fundaci\u00f3n C\u00edvica Novessendes presentamos el Espacio Test Agrario Horta del Rajolar, con el que se quiere promocionar el...<\/div><\/div><div class=\"blog-post_meta-wrap\"><div class=\"meta-data\"><span class=\"post_author\">By <a href=\"https:\/\/novessendes.org\/es\/author\/jaume-puchalt-lacal\/\">Jaume Puchalt Lacal<\/a><\/span><span class=\"comments_post\"><a href=\"https:\/\/novessendes.org\/es\/se-convocan-los-ii-premios-llaurant-diputacion-de-castellon\/#respond\" title=\"Leave a reply\">0 Comments<\/a><\/span><\/div><div class=\"meta-info\"><div class=\"share_post-container\"><a href=\"#\"><\/a><div class=\"share_social-wpapper\"><ul><li><a class=\"share_post share_facebook\" target=\"_blank\" href=\"https:\/\/www.facebook.com\/share.php?u=https:\/\/novessendes.org\/es\/se-convocan-los-ii-premios-llaurant-diputacion-de-castellon\/\"><span class=\"fab fa-facebook-f\"><\/span><\/a><\/li><li><a class=\"share_post share_pinterest\" target=\"_blank\" href=\"https:\/\/pinterest.com\/pin\/create\/button\/?url=https:\/\/novessendes.org\/es\/se-convocan-los-ii-premios-llaurant-diputacion-de-castellon\/&#038;media=https:\/\/novessendes.org\/wp-content\/uploads\/2024\/05\/llancament-Espai-Test-A3-scaled-e1716376442696.jpg\"><span class=\"fab fa-pinterest-p\"><\/span><\/a><\/li><\/ul><\/div><\/div><\/div><\/div><\/div><\/div><\/div><div class=\"wgl_col-12 item\"><div class=\"blog-post format-standard-image sticky-post\"><div class=\"blog-post_wrapper\"><div class=\"blog-post_media\"><div class=\"blog-post_media_part\"><a href=\"https:\/\/novessendes.org\/es\/viii-jornadas-de-puertas-abiertas-de-la-horta-del-rajolar\/\" class=\"media-link image-overlay\"><img decoding=\"async\" src=\"https:\/\/novessendes.org\/wp-content\/uploads\/2024\/05\/V4_1792-1-scaled-1170x725.jpg\" class=\" blog-img blog-img blog-img blog-img blog-img blog-img blog-img blog-img blog-img blog-img blog-img blog-img blog-img blog-img blog-img blog-img blog-img blog-img blog-img blog-img blog-img blog-img blog-img blog-img blog-img\" alt=\"\"><\/a><\/div><span class=\"post_categories\"><span><a href=\"https:\/\/novessendes.org\/es\/category\/economia-del-bien-comun\/\">Econom\u00eda del bien com\u00fan<\/a><\/span><span><a href=\"https:\/\/novessendes.org\/es\/category\/horta-rajolar-es\/\">Horta Rajolar<\/a><\/span><span><a href=\"https:\/\/novessendes.org\/es\/category\/llaurant-un-futur-sostenible-es\/\">Llaurant un futur sostenible<\/a><\/span><span><a href=\"https:\/\/novessendes.org\/es\/category\/ods-es\/\">ODS<\/a><\/span><span><a href=\"https:\/\/novessendes.org\/es\/category\/sin-categorizar-es\/\">Sin categorizar<\/a><\/span><span><a href=\"https:\/\/novessendes.org\/es\/category\/soberania-alimentaria\/\">Soberan\u00eda Alimentaria<\/a><\/span><\/span><\/div><div class=\"blog-post_content\"><div class=\"meta-data\"><span class=\"post_date\">20 de mayo de 2024<\/span><\/div><h3 class=\"blog-post_title\"><a href=\"https:\/\/novessendes.org\/es\/viii-jornadas-de-puertas-abiertas-de-la-horta-del-rajolar\/\">VIII Jornadas de Puertas Abiertas de la Horta del Rajolar<\/a><\/h3><div class=\"blog-post_text\">\u00a1Un a\u00f1o m\u00e1s os esperamos en la Jornada de Puertas Abiertas de la Horta del Rajolar!\n\nEl s\u00e1bado 8 de junio de 10 h a 13 h la Horta estar\u00e1 abierta, y podr\u00e9is conocer como...<\/div><\/div><div class=\"blog-post_meta-wrap\"><div class=\"meta-data\"><span class=\"post_author\">By <a href=\"https:\/\/novessendes.org\/es\/author\/admin-novessendes\/\">Admin Novessendes<\/a><\/span><span class=\"comments_post\"><a href=\"https:\/\/novessendes.org\/es\/viii-jornadas-de-puertas-abiertas-de-la-horta-del-rajolar\/#respond\" title=\"Leave a reply\">0 Comments<\/a><\/span><\/div><div class=\"meta-info\"><div class=\"share_post-container\"><a href=\"#\"><\/a><div class=\"share_social-wpapper\"><ul><li><a class=\"share_post share_facebook\" target=\"_blank\" href=\"https:\/\/www.facebook.com\/share.php?u=https:\/\/novessendes.org\/es\/viii-jornadas-de-puertas-abiertas-de-la-horta-del-rajolar\/\"><span class=\"fab fa-facebook-f\"><\/span><\/a><\/li><li><a class=\"share_post share_pinterest\" target=\"_blank\" href=\"https:\/\/pinterest.com\/pin\/create\/button\/?url=https:\/\/novessendes.org\/es\/viii-jornadas-de-puertas-abiertas-de-la-horta-del-rajolar\/&#038;media=https:\/\/novessendes.org\/wp-content\/uploads\/2024\/05\/V4_1792-1-scaled.jpg\"><span class=\"fab fa-pinterest-p\"><\/span><\/a><\/li><\/ul><\/div><\/div><\/div><\/div><\/div><\/div><\/div><div class=\"wgl_col-12 item\"><div class=\"blog-post format-standard-image sticky-post\"><div class=\"blog-post_wrapper\"><div class=\"blog-post_media\"><div class=\"blog-post_media_part\"><a href=\"https:\/\/novessendes.org\/es\/mas-de-60-personas-andan-el-rio-seco-de-betxi\/\" class=\"media-link image-overlay\"><img decoding=\"async\" src=\"https:\/\/novessendes.org\/wp-content\/uploads\/2024\/05\/IMG_3480-scaled-e1715587543271-1170x725.jpg\" class=\" blog-img blog-img blog-img blog-img blog-img blog-img blog-img blog-img blog-img blog-img blog-img blog-img blog-img blog-img blog-img blog-img blog-img blog-img blog-img blog-img blog-img blog-img blog-img blog-img blog-img blog-img\" alt=\"\"><\/a><\/div><span class=\"post_categories\"><span><a href=\"https:\/\/novessendes.org\/es\/category\/educacion-en-valores\/\">Educaci\u00f3n en valores<\/a><\/span><span><a href=\"https:\/\/novessendes.org\/es\/category\/horta-rajolar-es\/\">Horta Rajolar<\/a><\/span><span><a href=\"https:\/\/novessendes.org\/es\/category\/participacion-ciutadana\/\">Participaci\u00f3n ciutadana<\/a><\/span><span><a href=\"https:\/\/novessendes.org\/es\/category\/proyectos\/\">Proyectos<\/a><\/span><\/span><\/div><div class=\"blog-post_content\"><div class=\"meta-data\"><span class=\"post_date\">13 de mayo de 2024<\/span><\/div><h3 class=\"blog-post_title\"><a href=\"https:\/\/novessendes.org\/es\/mas-de-60-personas-andan-el-rio-seco-de-betxi\/\">M\u00e1s de 60 personas andan el r\u00edo Seco de Betx\u00ed<\/a><\/h3><div class=\"blog-post_text\">El pasado s\u00e1bado 11 de mayo m\u00e1s de sesenta personas se sumaron al recorrido de once kil\u00f3metros por el r\u00edo Seco de Betx\u00ed, aprovechando la convocatoria internacional...<\/div><\/div><div class=\"blog-post_meta-wrap\"><div class=\"meta-data\"><span class=\"post_author\">By <a href=\"https:\/\/novessendes.org\/es\/author\/admin-novessendes\/\">Admin Novessendes<\/a><\/span><span class=\"comments_post\"><a href=\"https:\/\/novessendes.org\/es\/mas-de-60-personas-andan-el-rio-seco-de-betxi\/#respond\" title=\"Leave a reply\">0 Comments<\/a><\/span><\/div><div class=\"meta-info\"><div class=\"share_post-container\"><a href=\"#\"><\/a><div class=\"share_social-wpapper\"><ul><li><a class=\"share_post share_facebook\" target=\"_blank\" href=\"https:\/\/www.facebook.com\/share.php?u=https:\/\/novessendes.org\/es\/mas-de-60-personas-andan-el-rio-seco-de-betxi\/\"><span class=\"fab fa-facebook-f\"><\/span><\/a><\/li><li><a class=\"share_post share_pinterest\" target=\"_blank\" href=\"https:\/\/pinterest.com\/pin\/create\/button\/?url=https:\/\/novessendes.org\/es\/mas-de-60-personas-andan-el-rio-seco-de-betxi\/&#038;media=https:\/\/novessendes.org\/wp-content\/uploads\/2024\/05\/IMG_3480-scaled-e1715587543271.jpg\"><span class=\"fab fa-pinterest-p\"><\/span><\/a><\/li><\/ul><\/div><\/div><\/div><\/div><\/div><\/div><\/div><div class=\"wgl_col-12 item\"><div class=\"blog-post format-standard-image sticky-post\"><div class=\"blog-post_wrapper\"><div class=\"blog-post_media\"><div class=\"blog-post_media_part\"><a href=\"https:\/\/novessendes.org\/es\/aprendizaje-servicio-a-traves-de-la-economia-del-bien-comun-al-ciclo-de-charlas-futursostenible\/\" class=\"media-link image-overlay\"><img decoding=\"async\" src=\"https:\/\/novessendes.org\/wp-content\/uploads\/2024\/04\/WhatsApp-Image-2024-04-22-at-12.30.07-1170x725.jpeg\" class=\" blog-img blog-img blog-img blog-img blog-img blog-img blog-img blog-img blog-img blog-img blog-img blog-img blog-img blog-img blog-img blog-img blog-img blog-img blog-img blog-img blog-img blog-img blog-img blog-img blog-img blog-img blog-img\" alt=\"\"><\/a><\/div><span class=\"post_categories\"><span><a href=\"https:\/\/novessendes.org\/es\/category\/economia-del-bien-comun\/\">Econom\u00eda del bien com\u00fan<\/a><\/span><span><a href=\"https:\/\/novessendes.org\/es\/category\/educacion-en-valores\/\">Educaci\u00f3n en valores<\/a><\/span><span><a href=\"https:\/\/novessendes.org\/es\/category\/emprenendedores\/\">Emprenendedores<\/a><\/span><span><a href=\"https:\/\/novessendes.org\/es\/category\/ods-es\/\">ODS<\/a><\/span><\/span><\/div><div class=\"blog-post_content\"><div class=\"meta-data\"><span class=\"post_date\">22 de abril de 2024<\/span><\/div><h3 class=\"blog-post_title\"><a href=\"https:\/\/novessendes.org\/es\/aprendizaje-servicio-a-traves-de-la-economia-del-bien-comun-al-ciclo-de-charlas-futursostenible\/\">Aprendizaje-Servicio a trav\u00e9s de la Econom\u00eda del Bien Com\u00fan al Ciclo de Charlas #FuturSostenible<\/a><\/h3><div class=\"blog-post_text\">M\u00e1s de 450 alumnos de ESO y Bachiller de los 7 centros educativos de los municipios de Almenara, Betx\u00ed, Burriana y La Vall d&#8217;Uix\u00f3 acuden a la jornada celebrada...<\/div><\/div><div class=\"blog-post_meta-wrap\"><div class=\"meta-data\"><span class=\"post_author\">By <a href=\"https:\/\/novessendes.org\/es\/author\/admin-novessendes\/\">Admin Novessendes<\/a><\/span><span class=\"comments_post\"><a href=\"https:\/\/novessendes.org\/es\/aprendizaje-servicio-a-traves-de-la-economia-del-bien-comun-al-ciclo-de-charlas-futursostenible\/#respond\" title=\"Leave a reply\">0 Comments<\/a><\/span><\/div><div class=\"meta-info\"><div class=\"share_post-container\"><a href=\"#\"><\/a><div class=\"share_social-wpapper\"><ul><li><a class=\"share_post share_facebook\" target=\"_blank\" href=\"https:\/\/www.facebook.com\/share.php?u=https:\/\/novessendes.org\/es\/aprendizaje-servicio-a-traves-de-la-economia-del-bien-comun-al-ciclo-de-charlas-futursostenible\/\"><span class=\"fab fa-facebook-f\"><\/span><\/a><\/li><li><a class=\"share_post share_pinterest\" target=\"_blank\" href=\"https:\/\/pinterest.com\/pin\/create\/button\/?url=https:\/\/novessendes.org\/es\/aprendizaje-servicio-a-traves-de-la-economia-del-bien-comun-al-ciclo-de-charlas-futursostenible\/&#038;media=https:\/\/novessendes.org\/wp-content\/uploads\/2024\/04\/WhatsApp-Image-2024-04-22-at-12.30.07.jpeg\"><span class=\"fab fa-pinterest-p\"><\/span><\/a><\/li><\/ul><\/div><\/div><\/div><\/div><\/div><\/div><\/div><div class=\"wgl_col-12 item\"><div class=\"blog-post format-standard-image sticky-post\"><div class=\"blog-post_wrapper\"><div class=\"blog-post_media\"><div class=\"blog-post_media_part\"><a href=\"https:\/\/novessendes.org\/es\/la-fundacion-novessendes-premiada-para-promover-la-educacion-ambiental\/\" class=\"media-link image-overlay\"><img decoding=\"async\" src=\"https:\/\/novessendes.org\/wp-content\/uploads\/2024\/04\/437797429_837750241729790_2260256295115825066_n-1170x725.jpg\" class=\" blog-img blog-img blog-img blog-img blog-img blog-img blog-img blog-img blog-img blog-img blog-img blog-img blog-img blog-img blog-img blog-img blog-img blog-img blog-img blog-img blog-img blog-img blog-img blog-img blog-img blog-img blog-img blog-img\" alt=\"\"><\/a><\/div><span class=\"post_categories\"><span><a href=\"https:\/\/novessendes.org\/es\/category\/crecer-y-aprender\/\">Crecer y aprender<\/a><\/span><span><a href=\"https:\/\/novessendes.org\/es\/category\/educacion-en-valores\/\">Educaci\u00f3n en valores<\/a><\/span><span><a href=\"https:\/\/novessendes.org\/es\/category\/horta-rajolar-es\/\">Horta Rajolar<\/a><\/span><span><a href=\"https:\/\/novessendes.org\/es\/category\/ods-es\/\">ODS<\/a><\/span><\/span><\/div><div class=\"blog-post_content\"><div class=\"meta-data\"><span class=\"post_date\">22 de abril de 2024<\/span><\/div><h3 class=\"blog-post_title\"><a href=\"https:\/\/novessendes.org\/es\/la-fundacion-novessendes-premiada-para-promover-la-educacion-ambiental\/\">La Fundaci\u00f3n Novessendes premiada por promover la educaci\u00f3n ambiental<\/a><\/h3><div class=\"blog-post_text\">Los premios EAR (Educaci\u00f3n Ambiental en Ruta), organizados por el Centro de Educaci\u00f3n Ambiental de la Generalitat Valenciana, pretenden dar un reconocimiento p\u00fablico a...<\/div><\/div><div class=\"blog-post_meta-wrap\"><div class=\"meta-data\"><span class=\"post_author\">By <a href=\"https:\/\/novessendes.org\/es\/author\/admin-novessendes\/\">Admin Novessendes<\/a><\/span><span class=\"comments_post\"><a href=\"https:\/\/novessendes.org\/es\/la-fundacion-novessendes-premiada-para-promover-la-educacion-ambiental\/#respond\" title=\"Leave a reply\">0 Comments<\/a><\/span><\/div><div class=\"meta-info\"><div class=\"share_post-container\"><a href=\"#\"><\/a><div class=\"share_social-wpapper\"><ul><li><a class=\"share_post share_facebook\" target=\"_blank\" href=\"https:\/\/www.facebook.com\/share.php?u=https:\/\/novessendes.org\/es\/la-fundacion-novessendes-premiada-para-promover-la-educacion-ambiental\/\"><span class=\"fab fa-facebook-f\"><\/span><\/a><\/li><li><a class=\"share_post share_pinterest\" target=\"_blank\" href=\"https:\/\/pinterest.com\/pin\/create\/button\/?url=https:\/\/novessendes.org\/es\/la-fundacion-novessendes-premiada-para-promover-la-educacion-ambiental\/&#038;media=https:\/\/novessendes.org\/wp-content\/uploads\/2024\/04\/437797429_837750241729790_2260256295115825066_n.jpg\"><span class=\"fab fa-pinterest-p\"><\/span><\/a><\/li><\/ul><\/div><\/div><\/div><\/div><\/div><\/div><\/div><div class=\"wgl_col-12 item\"><div class=\"blog-post format-standard-image sticky-post\"><div class=\"blog-post_wrapper\"><div class=\"blog-post_media\"><div class=\"blog-post_media_part\"><a href=\"https:\/\/novessendes.org\/es\/paseo-internacional-por-el-riu-sec-de-betxi\/\" class=\"media-link image-overlay\"><img decoding=\"async\" src=\"https:\/\/novessendes.org\/wp-content\/uploads\/2024\/04\/cartell-foto-xxss-WR-riu-Sec-scaled-e1713772299895-1170x725.jpg\" class=\" blog-img blog-img blog-img blog-img blog-img blog-img blog-img blog-img blog-img blog-img blog-img blog-img blog-img blog-img blog-img blog-img blog-img blog-img blog-img blog-img blog-img blog-img blog-img blog-img blog-img blog-img blog-img blog-img blog-img\" alt=\"\"><\/a><\/div><span class=\"post_categories\"><span><a href=\"https:\/\/novessendes.org\/es\/category\/horta-rajolar-es\/\">Horta Rajolar<\/a><\/span><span><a href=\"https:\/\/novessendes.org\/es\/category\/impulsem-betxi-es\/\">Impulsem Betx\u00ed<\/a><\/span><span><a href=\"https:\/\/novessendes.org\/es\/category\/ods-es\/\">ODS<\/a><\/span><span><a href=\"https:\/\/novessendes.org\/es\/category\/participacion-ciutadana\/\">Participaci\u00f3n ciutadana<\/a><\/span><span><a href=\"https:\/\/novessendes.org\/es\/category\/programaciones\/\">Programaciones<\/a><\/span><\/span><\/div><div class=\"blog-post_content\"><div class=\"meta-data\"><span class=\"post_date\">22 de abril de 2024<\/span><\/div><h3 class=\"blog-post_title\"><a href=\"https:\/\/novessendes.org\/es\/paseo-internacional-por-el-riu-sec-de-betxi\/\">Paseo internacional por el Riu Sec de Betx\u00ed<\/a><\/h3><div class=\"blog-post_text\">El pr\u00f3ximo 11  de mayo  con motivo de la iniciativa mundial de la organizaci\u00f3n Wetlands internacional Walking Rivers estamos organizando un paseo por el Riu Sec de...<\/div><\/div><div class=\"blog-post_meta-wrap\"><div class=\"meta-data\"><span class=\"post_author\">By <a href=\"https:\/\/novessendes.org\/es\/author\/admin-novessendes\/\">Admin Novessendes<\/a><\/span><span class=\"comments_post\"><a href=\"https:\/\/novessendes.org\/es\/paseo-internacional-por-el-riu-sec-de-betxi\/#respond\" title=\"Leave a reply\">0 Comments<\/a><\/span><\/div><div class=\"meta-info\"><div class=\"share_post-container\"><a href=\"#\"><\/a><div class=\"share_social-wpapper\"><ul><li><a class=\"share_post share_facebook\" target=\"_blank\" href=\"https:\/\/www.facebook.com\/share.php?u=https:\/\/novessendes.org\/es\/paseo-internacional-por-el-riu-sec-de-betxi\/\"><span class=\"fab fa-facebook-f\"><\/span><\/a><\/li><li><a class=\"share_post share_pinterest\" target=\"_blank\" href=\"https:\/\/pinterest.com\/pin\/create\/button\/?url=https:\/\/novessendes.org\/es\/paseo-internacional-por-el-riu-sec-de-betxi\/&#038;media=https:\/\/novessendes.org\/wp-content\/uploads\/2024\/04\/cartell-foto-xxss-WR-riu-Sec-scaled-e1713772299895.jpg\"><span class=\"fab fa-pinterest-p\"><\/span><\/a><\/li><\/ul><\/div><\/div><\/div><\/div><\/div><\/div><\/div><div class=\"wgl_col-12 item\"><div class=\"blog-post format-standard-image sticky-post\"><div class=\"blog-post_wrapper\"><div class=\"blog-post_media\"><div class=\"blog-post_media_part\"><a href=\"https:\/\/novessendes.org\/es\/producimos-de-proximidad-mientras-exportamos-experiencias-de-arraigo-y-cuidados\/\" class=\"media-link image-overlay\"><img decoding=\"async\" src=\"https:\/\/novessendes.org\/wp-content\/uploads\/2024\/03\/20240312-erasmus-serbia-1-1170x725.jpg\" class=\" blog-img blog-img blog-img blog-img blog-img blog-img blog-img blog-img blog-img blog-img blog-img blog-img blog-img blog-img blog-img blog-img blog-img blog-img blog-img blog-img blog-img blog-img blog-img blog-img blog-img blog-img blog-img blog-img blog-img blog-img\" alt=\"\"><\/a><\/div><span class=\"post_categories\"><span><a href=\"https:\/\/novessendes.org\/es\/category\/crecer-y-aprender\/\">Crecer y aprender<\/a><\/span><span><a href=\"https:\/\/novessendes.org\/es\/category\/horta-rajolar-es\/\">Horta Rajolar<\/a><\/span><span><a href=\"https:\/\/novessendes.org\/es\/category\/proyectos\/\">Proyectos<\/a><\/span><\/span><\/div><div class=\"blog-post_content\"><div class=\"meta-data\"><span class=\"post_date\">15 de marzo de 2024<\/span><\/div><h3 class=\"blog-post_title\"><a href=\"https:\/\/novessendes.org\/es\/producimos-de-proximidad-mientras-exportamos-experiencias-de-arraigo-y-cuidados\/\">Producimos de proximidad mientras exportamos experiencias de arraigo y cuidados<\/a><\/h3><div class=\"blog-post_text\">Esta semana la Horta del Rajolar ha acogido varias actividades dirigidas a la formaci\u00f3n y promoci\u00f3n de la agroecolog\u00eda entre j\u00f3venes de diferentes procedencias y un...<\/div><\/div><div class=\"blog-post_meta-wrap\"><div class=\"meta-data\"><span class=\"post_author\">By <a href=\"https:\/\/novessendes.org\/es\/author\/admin-novessendes\/\">Admin Novessendes<\/a><\/span><span class=\"comments_post\"><a href=\"https:\/\/novessendes.org\/es\/producimos-de-proximidad-mientras-exportamos-experiencias-de-arraigo-y-cuidados\/#respond\" title=\"Leave a reply\">0 Comments<\/a><\/span><\/div><div class=\"meta-info\"><div class=\"share_post-container\"><a href=\"#\"><\/a><div class=\"share_social-wpapper\"><ul><li><a class=\"share_post share_facebook\" target=\"_blank\" href=\"https:\/\/www.facebook.com\/share.php?u=https:\/\/novessendes.org\/es\/producimos-de-proximidad-mientras-exportamos-experiencias-de-arraigo-y-cuidados\/\"><span class=\"fab fa-facebook-f\"><\/span><\/a><\/li><li><a class=\"share_post share_pinterest\" target=\"_blank\" href=\"https:\/\/pinterest.com\/pin\/create\/button\/?url=https:\/\/novessendes.org\/es\/producimos-de-proximidad-mientras-exportamos-experiencias-de-arraigo-y-cuidados\/&#038;media=https:\/\/novessendes.org\/wp-content\/uploads\/2024\/03\/20240312-erasmus-serbia-1.jpg\"><span class=\"fab fa-pinterest-p\"><\/span><\/a><\/li><\/ul><\/div><\/div><\/div><\/div><\/div><\/div><\/div><div class=\"wgl_col-12 item\"><div class=\"blog-post format-standard-image sticky-post\"><div class=\"blog-post_wrapper\"><div class=\"blog-post_media\"><div class=\"blog-post_media_part\"><a href=\"https:\/\/novessendes.org\/es\/empieza-un-activem-betxi-2024-alentador\/\" class=\"media-link image-overlay\"><img decoding=\"async\" src=\"https:\/\/novessendes.org\/wp-content\/uploads\/2024\/03\/image00003-scaled-1170x725.jpeg\" class=\" blog-img blog-img blog-img blog-img blog-img blog-img blog-img blog-img blog-img blog-img blog-img blog-img blog-img blog-img blog-img blog-img blog-img blog-img blog-img blog-img blog-img blog-img blog-img blog-img blog-img blog-img blog-img blog-img blog-img blog-img blog-img\" alt=\"\"><\/a><\/div><span class=\"post_categories\"><span><a href=\"https:\/\/novessendes.org\/es\/category\/activem-betxi-es\/\">Activem Betx\u00ed<\/a><\/span><span><a href=\"https:\/\/novessendes.org\/es\/category\/centre-civic\/\">Centre C\u00edvic<\/a><\/span><span><a href=\"https:\/\/novessendes.org\/es\/category\/participacion-ciutadana\/\">Participaci\u00f3n ciutadana<\/a><\/span><span><a href=\"https:\/\/novessendes.org\/es\/category\/voluntariado\/\">Voluntariado<\/a><\/span><\/span><\/div><div class=\"blog-post_content\"><div class=\"meta-data\"><span class=\"post_date\">11 de marzo de 2024<\/span><\/div><h3 class=\"blog-post_title\"><a href=\"https:\/\/novessendes.org\/es\/empieza-un-activem-betxi-2024-alentador\/\">Empieza un Activem Betx\u00ed 2024 alentador<\/a><\/h3><div class=\"blog-post_text\">Con m\u00e1s recursos y proyectos que nunca, esta 10.\u00aa convocatoria de proyectos del Ayuntamiento de Betx\u00ed y la Fundaci\u00f3n Novessendes empieza su programa con la reuni\u00f3n de...<\/div><\/div><div class=\"blog-post_meta-wrap\"><div class=\"meta-data\"><span class=\"post_author\">By <a href=\"https:\/\/novessendes.org\/es\/author\/admin-novessendes\/\">Admin Novessendes<\/a><\/span><span class=\"comments_post\"><a href=\"https:\/\/novessendes.org\/es\/empieza-un-activem-betxi-2024-alentador\/#respond\" title=\"Leave a reply\">0 Comments<\/a><\/span><\/div><div class=\"meta-info\"><div class=\"share_post-container\"><a href=\"#\"><\/a><div class=\"share_social-wpapper\"><ul><li><a class=\"share_post share_facebook\" target=\"_blank\" href=\"https:\/\/www.facebook.com\/share.php?u=https:\/\/novessendes.org\/es\/empieza-un-activem-betxi-2024-alentador\/\"><span class=\"fab fa-facebook-f\"><\/span><\/a><\/li><li><a class=\"share_post share_pinterest\" target=\"_blank\" href=\"https:\/\/pinterest.com\/pin\/create\/button\/?url=https:\/\/novessendes.org\/es\/empieza-un-activem-betxi-2024-alentador\/&#038;media=https:\/\/novessendes.org\/wp-content\/uploads\/2024\/03\/image00003-scaled.jpeg\"><span class=\"fab fa-pinterest-p\"><\/span><\/a><\/li><\/ul><\/div><\/div><\/div><\/div><\/div><\/div><\/div><div class=\"wgl_col-12 item\"><div class=\"blog-post format-standard-image sticky-post\"><div class=\"blog-post_wrapper\"><div class=\"blog-post_media\"><div class=\"blog-post_media_part\"><a href=\"https:\/\/novessendes.org\/es\/celebramos-el-dia-del-arbol-en-la-senda-fluvial-de-betxi\/\" class=\"media-link image-overlay\"><img decoding=\"async\" src=\"https:\/\/novessendes.org\/wp-content\/uploads\/2024\/03\/IMG_2125-1-scaled-1170x725.jpg\" class=\" blog-img blog-img blog-img blog-img blog-img blog-img blog-img blog-img blog-img blog-img blog-img blog-img blog-img blog-img blog-img blog-img blog-img blog-img blog-img blog-img blog-img blog-img blog-img blog-img blog-img blog-img blog-img blog-img blog-img blog-img blog-img blog-img\" alt=\"\"><\/a><\/div><span class=\"post_categories\"><span><a href=\"https:\/\/novessendes.org\/es\/category\/horta-rajolar-es\/\">Horta Rajolar<\/a><\/span><span><a href=\"https:\/\/novessendes.org\/es\/category\/participacion-ciutadana\/\">Participaci\u00f3n ciutadana<\/a><\/span><span><a href=\"https:\/\/novessendes.org\/es\/category\/voluntariado\/\">Voluntariado<\/a><\/span><\/span><\/div><div class=\"blog-post_content\"><div class=\"meta-data\"><span class=\"post_date\">5 de marzo de 2024<\/span><\/div><h3 class=\"blog-post_title\"><a href=\"https:\/\/novessendes.org\/es\/celebramos-el-dia-del-arbol-en-la-senda-fluvial-de-betxi\/\">Celebramos el d\u00eda del \u00e1rbol en la senda fluvial de Betx\u00ed<\/a><\/h3><div class=\"blog-post_text\">El pasado domingo 25 de febrero una veinte personas del grupo de Ecologistas en Acci\u00f3n Val\u00e8ncia celebr\u00f3 en el r\u00edo Seco de Betx\u00ed su tradicional jornada de plantaci\u00f3n para...<\/div><\/div><div class=\"blog-post_meta-wrap\"><div class=\"meta-data\"><span class=\"post_author\">By <a href=\"https:\/\/novessendes.org\/es\/author\/admin-novessendes\/\">Admin Novessendes<\/a><\/span><span class=\"comments_post\"><a href=\"https:\/\/novessendes.org\/es\/celebramos-el-dia-del-arbol-en-la-senda-fluvial-de-betxi\/#respond\" title=\"Leave a reply\">0 Comments<\/a><\/span><\/div><div class=\"meta-info\"><div class=\"share_post-container\"><a href=\"#\"><\/a><div class=\"share_social-wpapper\"><ul><li><a class=\"share_post share_facebook\" target=\"_blank\" href=\"https:\/\/www.facebook.com\/share.php?u=https:\/\/novessendes.org\/es\/celebramos-el-dia-del-arbol-en-la-senda-fluvial-de-betxi\/\"><span class=\"fab fa-facebook-f\"><\/span><\/a><\/li><li><a class=\"share_post share_pinterest\" target=\"_blank\" href=\"https:\/\/pinterest.com\/pin\/create\/button\/?url=https:\/\/novessendes.org\/es\/celebramos-el-dia-del-arbol-en-la-senda-fluvial-de-betxi\/&#038;media=https:\/\/novessendes.org\/wp-content\/uploads\/2024\/03\/IMG_2125-1-scaled.jpg\"><span class=\"fab fa-pinterest-p\"><\/span><\/a><\/li><\/ul><\/div><\/div><\/div><\/div><\/div><\/div><\/div><div class=\"wgl_col-12 item\"><div class=\"blog-post format-standard-image sticky-post\"><div class=\"blog-post_wrapper\"><div class=\"blog-post_media\"><div class=\"blog-post_media_part\"><a href=\"https:\/\/novessendes.org\/es\/se-abre-el-plazo-de-activem-betxi-2024\/\" class=\"media-link image-overlay\"><img decoding=\"async\" src=\"https:\/\/novessendes.org\/wp-content\/uploads\/2023\/12\/09-1170x725.jpg\" class=\" blog-img blog-img blog-img blog-img blog-img blog-img blog-img blog-img blog-img blog-img blog-img blog-img blog-img blog-img blog-img blog-img blog-img blog-img blog-img blog-img blog-img blog-img blog-img blog-img blog-img blog-img blog-img blog-img blog-img blog-img blog-img blog-img blog-img\" alt=\"Disen\u0303o 2023_animacio\u0301n\"><\/a><\/div><span class=\"post_categories\"><span><a href=\"https:\/\/novessendes.org\/category\/sin-categorizar\/\">Sin categorizar<\/a><\/span><\/span><\/div><div class=\"blog-post_content\"><div class=\"meta-data\"><span class=\"post_date\">20 de noviembre de 2023<\/span><\/div><h3 class=\"blog-post_title\"><a href=\"https:\/\/novessendes.org\/es\/se-abre-el-plazo-de-activem-betxi-2024\/\">Se abre el plazo de Activem Betx\u00ed 2024<\/a><\/h3><div class=\"blog-post_text\">Un a\u00f1o m\u00e1s convocamos las ayudas Activem Betx\u00ed con el objetivo de apoyar a buenas pr\u00e1cticas de la sociedad civil en el pueblo y de fomentar la creaci\u00f3n de proyectos...<\/div><\/div><div class=\"blog-post_meta-wrap\"><div class=\"meta-data\"><span class=\"post_author\">By <a href=\"https:\/\/novessendes.org\/es\/author\/admin-novessendes\/\">Admin Novessendes<\/a><\/span><span class=\"comments_post\"><a href=\"https:\/\/novessendes.org\/es\/se-abre-el-plazo-de-activem-betxi-2024\/#respond\" title=\"Leave a reply\">0 Comments<\/a><\/span><\/div><div class=\"meta-info\"><div class=\"share_post-container\"><a href=\"#\"><\/a><div class=\"share_social-wpapper\"><ul><li><a class=\"share_post share_facebook\" target=\"_blank\" href=\"https:\/\/www.facebook.com\/share.php?u=https:\/\/novessendes.org\/es\/se-abre-el-plazo-de-activem-betxi-2024\/\"><span class=\"fab fa-facebook-f\"><\/span><\/a><\/li><li><a class=\"share_post share_pinterest\" target=\"_blank\" href=\"https:\/\/pinterest.com\/pin\/create\/button\/?url=https:\/\/novessendes.org\/es\/se-abre-el-plazo-de-activem-betxi-2024\/&#038;media=https:\/\/novessendes.org\/wp-content\/uploads\/2023\/12\/09.jpg\"><span class=\"fab fa-pinterest-p\"><\/span><\/a><\/li><\/ul><\/div><\/div><\/div><\/div><\/div><\/div><\/div><\/div><\/div><ul class=\"wgl-pagination\"><li class='page'><span aria-current=\"page\" class=\"page-numbers current\">1<\/span><\/li><li class='page'><a class=\"page-numbers\" href=\"https:\/\/novessendes.org\/es\/wp-json\/wp\/v2\/pages\/470\/page\/2\/\">2<\/a><\/li><li class='page'><a class=\"page-numbers\" href=\"https:\/\/novessendes.org\/es\/wp-json\/wp\/v2\/pages\/470\/page\/3\/\">3<\/a><\/li><li class='page'><span class=\"page-numbers dots\">&hellip;<\/span><\/li><li class='page'><a class=\"page-numbers\" href=\"https:\/\/novessendes.org\/es\/wp-json\/wp\/v2\/pages\/470\/page\/5\/\">5<\/a><\/li><li class='page'><a class=\"next page-numbers\" href=\"https:\/\/novessendes.org\/es\/wp-json\/wp\/v2\/pages\/470\/page\/2\/\"><i class=\"flaticon-right-arrow-1\"><\/i><\/a><\/li><\/ul><\/section>\t\t<\/div>\n\t\t\t\t<\/div>\n\t\t\t\t\t<\/div>\n\t\t<\/div>\n\t\t\t\t\t\t\t<\/div>\n\t\t<\/section>\n\t\t\t\t\t\t\t<\/div>\n\t\t","protected":false},"excerpt":{"rendered":"<p>DONATIONSeptember 10, 2020 Take Your Online Donation to the Next Level! Tellus mauris a diam maecenas sed enim ut sem. Viverra accumsan in nisl nisi scelerisque eu ultrices vitae. Pellentesque eu tincidunt tortor aliquam.By developers2 Comments FOOD AND WATERSeptember 10, 2020 Giving Voice To The Voiceless Diam maecenas sed enim ut sem. Aliquet enim tortor [&hellip;]<\/p>\n","protected":false},"author":1,"featured_media":0,"parent":0,"menu_order":0,"comment_status":"closed","ping_status":"closed","template":"","meta":{"give_campaign_id":0,"footnotes":""},"class_list":["post-470","page","type-page","status-publish","hentry"],"yoast_head":"<!-- This site is optimized with the Yoast SEO plugin v27.0 - https:\/\/yoast.com\/product\/yoast-seo-wordpress\/ -->\n<title>Blog Listing - Novessendes<\/title>\n<meta name=\"robots\" content=\"index, follow, max-snippet:-1, max-image-preview:large, max-video-preview:-1\" \/>\n<link rel=\"canonical\" href=\"https:\/\/novessendes.org\/es\/blog-listing\/\" \/>\n<meta property=\"og:locale\" content=\"es_ES\" \/>\n<meta property=\"og:type\" content=\"article\" \/>\n<meta property=\"og:title\" content=\"Blog Listing - Novessendes\" \/>\n<meta property=\"og:description\" content=\"DONATIONSeptember 10, 2020 Take Your Online Donation to the Next Level! Tellus mauris a diam maecenas sed enim ut sem. Viverra accumsan in nisl nisi scelerisque eu ultrices vitae. Pellentesque eu tincidunt tortor aliquam.By developers2 Comments FOOD AND WATERSeptember 10, 2020 Giving Voice To The Voiceless Diam maecenas sed enim ut sem. Aliquet enim tortor [&hellip;]\" \/>\n<meta property=\"og:url\" content=\"https:\/\/novessendes.org\/es\/blog-listing\/\" \/>\n<meta property=\"og:site_name\" content=\"Novessendes\" \/>\n<meta property=\"og:image\" content=\"https:\/\/novessendes.org\/wp-content\/uploads\/2020\/08\/blog_01-1170x725.jpg\" \/>\n<meta name=\"twitter:card\" content=\"summary_large_image\" \/>\n<meta name=\"twitter:label1\" content=\"Tiempo de lectura\" \/>\n\t<meta name=\"twitter:data1\" content=\"1 minuto\" \/>\n<script type=\"application\/ld+json\" class=\"yoast-schema-graph\">{\"@context\":\"https:\/\/schema.org\",\"@graph\":[{\"@type\":\"WebPage\",\"@id\":\"https:\/\/novessendes.org\/es\/blog-listing\/\",\"url\":\"https:\/\/novessendes.org\/es\/blog-listing\/\",\"name\":\"Blog Listing - Novessendes\",\"isPartOf\":{\"@id\":\"https:\/\/novessendes.org\/es\/#website\"},\"primaryImageOfPage\":{\"@id\":\"https:\/\/novessendes.org\/es\/blog-listing\/#primaryimage\"},\"image\":{\"@id\":\"https:\/\/novessendes.org\/es\/blog-listing\/#primaryimage\"},\"thumbnailUrl\":\"https:\/\/novessendes.org\/wp-content\/uploads\/2020\/08\/blog_01-1170x725.jpg\",\"datePublished\":\"2020-08-26T10:17:34+00:00\",\"breadcrumb\":{\"@id\":\"https:\/\/novessendes.org\/es\/blog-listing\/#breadcrumb\"},\"inLanguage\":\"es\",\"potentialAction\":[{\"@type\":\"ReadAction\",\"target\":[\"https:\/\/novessendes.org\/es\/blog-listing\/\"]}]},{\"@type\":\"ImageObject\",\"inLanguage\":\"es\",\"@id\":\"https:\/\/novessendes.org\/es\/blog-listing\/#primaryimage\",\"url\":\"https:\/\/novessendes.org\/wp-content\/uploads\/2020\/08\/blog_01-1170x725.jpg\",\"contentUrl\":\"https:\/\/novessendes.org\/wp-content\/uploads\/2020\/08\/blog_01-1170x725.jpg\"},{\"@type\":\"BreadcrumbList\",\"@id\":\"https:\/\/novessendes.org\/es\/blog-listing\/#breadcrumb\",\"itemListElement\":[{\"@type\":\"ListItem\",\"position\":1,\"name\":\"Portada\",\"item\":\"https:\/\/novessendes.org\/es\/\"},{\"@type\":\"ListItem\",\"position\":2,\"name\":\"Blog Listing\"}]},{\"@type\":\"WebSite\",\"@id\":\"https:\/\/novessendes.org\/es\/#website\",\"url\":\"https:\/\/novessendes.org\/es\/\",\"name\":\"Novessendes\",\"description\":\"Fundaci\u00f3 c\u00edvica Novessendes per millorar el benestar i progr\u00e9s dels ciutadans\",\"publisher\":{\"@id\":\"https:\/\/novessendes.org\/es\/#organization\"},\"potentialAction\":[{\"@type\":\"SearchAction\",\"target\":{\"@type\":\"EntryPoint\",\"urlTemplate\":\"https:\/\/novessendes.org\/es\/?s={search_term_string}\"},\"query-input\":{\"@type\":\"PropertyValueSpecification\",\"valueRequired\":true,\"valueName\":\"search_term_string\"}}],\"inLanguage\":\"es\"},{\"@type\":\"Organization\",\"@id\":\"https:\/\/novessendes.org\/es\/#organization\",\"name\":\"Novessendes\",\"url\":\"https:\/\/novessendes.org\/es\/\",\"logo\":{\"@type\":\"ImageObject\",\"inLanguage\":\"es\",\"@id\":\"https:\/\/novessendes.org\/es\/#\/schema\/logo\/image\/\",\"url\":\"https:\/\/novessendes.org\/wp-content\/uploads\/2020\/09\/logo-novessendes.png\",\"contentUrl\":\"https:\/\/novessendes.org\/wp-content\/uploads\/2020\/09\/logo-novessendes.png\",\"width\":160,\"height\":80,\"caption\":\"Novessendes\"},\"image\":{\"@id\":\"https:\/\/novessendes.org\/es\/#\/schema\/logo\/image\/\"}}]}<\/script>\n<!-- \/ Yoast SEO plugin. -->","yoast_head_json":{"title":"Blog Listing - Novessendes","robots":{"index":"index","follow":"follow","max-snippet":"max-snippet:-1","max-image-preview":"max-image-preview:large","max-video-preview":"max-video-preview:-1"},"canonical":"https:\/\/novessendes.org\/es\/blog-listing\/","og_locale":"es_ES","og_type":"article","og_title":"Blog Listing - Novessendes","og_description":"DONATIONSeptember 10, 2020 Take Your Online Donation to the Next Level! Tellus mauris a diam maecenas sed enim ut sem. Viverra accumsan in nisl nisi scelerisque eu ultrices vitae. Pellentesque eu tincidunt tortor aliquam.By developers2 Comments FOOD AND WATERSeptember 10, 2020 Giving Voice To The Voiceless Diam maecenas sed enim ut sem. Aliquet enim tortor [&hellip;]","og_url":"https:\/\/novessendes.org\/es\/blog-listing\/","og_site_name":"Novessendes","og_image":[{"url":"https:\/\/novessendes.org\/wp-content\/uploads\/2020\/08\/blog_01-1170x725.jpg","type":"","width":"","height":""}],"twitter_card":"summary_large_image","twitter_misc":{"Tiempo de lectura":"1 minuto"},"schema":{"@context":"https:\/\/schema.org","@graph":[{"@type":"WebPage","@id":"https:\/\/novessendes.org\/es\/blog-listing\/","url":"https:\/\/novessendes.org\/es\/blog-listing\/","name":"Blog Listing - Novessendes","isPartOf":{"@id":"https:\/\/novessendes.org\/es\/#website"},"primaryImageOfPage":{"@id":"https:\/\/novessendes.org\/es\/blog-listing\/#primaryimage"},"image":{"@id":"https:\/\/novessendes.org\/es\/blog-listing\/#primaryimage"},"thumbnailUrl":"https:\/\/novessendes.org\/wp-content\/uploads\/2020\/08\/blog_01-1170x725.jpg","datePublished":"2020-08-26T10:17:34+00:00","breadcrumb":{"@id":"https:\/\/novessendes.org\/es\/blog-listing\/#breadcrumb"},"inLanguage":"es","potentialAction":[{"@type":"ReadAction","target":["https:\/\/novessendes.org\/es\/blog-listing\/"]}]},{"@type":"ImageObject","inLanguage":"es","@id":"https:\/\/novessendes.org\/es\/blog-listing\/#primaryimage","url":"https:\/\/novessendes.org\/wp-content\/uploads\/2020\/08\/blog_01-1170x725.jpg","contentUrl":"https:\/\/novessendes.org\/wp-content\/uploads\/2020\/08\/blog_01-1170x725.jpg"},{"@type":"BreadcrumbList","@id":"https:\/\/novessendes.org\/es\/blog-listing\/#breadcrumb","itemListElement":[{"@type":"ListItem","position":1,"name":"Portada","item":"https:\/\/novessendes.org\/es\/"},{"@type":"ListItem","position":2,"name":"Blog Listing"}]},{"@type":"WebSite","@id":"https:\/\/novessendes.org\/es\/#website","url":"https:\/\/novessendes.org\/es\/","name":"Novessendes","description":"Fundaci\u00f3 c\u00edvica Novessendes per millorar el benestar i progr\u00e9s dels ciutadans","publisher":{"@id":"https:\/\/novessendes.org\/es\/#organization"},"potentialAction":[{"@type":"SearchAction","target":{"@type":"EntryPoint","urlTemplate":"https:\/\/novessendes.org\/es\/?s={search_term_string}"},"query-input":{"@type":"PropertyValueSpecification","valueRequired":true,"valueName":"search_term_string"}}],"inLanguage":"es"},{"@type":"Organization","@id":"https:\/\/novessendes.org\/es\/#organization","name":"Novessendes","url":"https:\/\/novessendes.org\/es\/","logo":{"@type":"ImageObject","inLanguage":"es","@id":"https:\/\/novessendes.org\/es\/#\/schema\/logo\/image\/","url":"https:\/\/novessendes.org\/wp-content\/uploads\/2020\/09\/logo-novessendes.png","contentUrl":"https:\/\/novessendes.org\/wp-content\/uploads\/2020\/09\/logo-novessendes.png","width":160,"height":80,"caption":"Novessendes"},"image":{"@id":"https:\/\/novessendes.org\/es\/#\/schema\/logo\/image\/"}}]}},"campaignId":"","_links":{"self":[{"href":"https:\/\/novessendes.org\/es\/wp-json\/wp\/v2\/pages\/470","targetHints":{"allow":["GET"]}}],"collection":[{"href":"https:\/\/novessendes.org\/es\/wp-json\/wp\/v2\/pages"}],"about":[{"href":"https:\/\/novessendes.org\/es\/wp-json\/wp\/v2\/types\/page"}],"author":[{"embeddable":true,"href":"https:\/\/novessendes.org\/es\/wp-json\/wp\/v2\/users\/1"}],"replies":[{"embeddable":true,"href":"https:\/\/novessendes.org\/es\/wp-json\/wp\/v2\/comments?post=470"}],"version-history":[{"count":0,"href":"https:\/\/novessendes.org\/es\/wp-json\/wp\/v2\/pages\/470\/revisions"}],"wp:attachment":[{"href":"https:\/\/novessendes.org\/es\/wp-json\/wp\/v2\/media?parent=470"}],"curies":[{"name":"wp","href":"https:\/\/api.w.org\/{rel}","templated":true}]}}